{"id":858,"date":"2021-07-25T00:49:15","date_gmt":"2021-07-25T00:49:15","guid":{"rendered":"https:\/\/www.ae2serpa.pt\/?page_id=858"},"modified":"2025-06-21T17:48:34","modified_gmt":"2025-06-21T17:48:34","slug":"matriculas-e-calendario-escolar","status":"publish","type":"page","link":"https:\/\/www.ae2serpa.pt\/index.php\/matriculas-e-calendario-escolar\/","title":{"rendered":"MATR\u00cdCULAS E CALEND\u00c1RIO ESCOLAR"},"content":{"rendered":"\t\t<div data-elementor-type=\"wp-page\" data-elementor-id=\"858\" class=\"elementor elementor-858\">\n\t\t\t\t\t\t\t\t\t<section class=\"elementor-section elementor-top-section elementor-element elementor-element-342a147 elementor-section-boxed elementor-section-height-default elementor-section-height-default\" data-id=\"342a147\" data-element_type=\"section\">\n\t\t\t\t\t\t<div class=\"elementor-container elementor-column-gap-default\">\n\t\t\t\t\t<div class=\"elementor-column elementor-col-100 elementor-top-column elementor-element elementor-element-c08ade7\" data-id=\"c08ade7\" data-element_type=\"column\">\n\t\t\t<div class=\"elementor-widget-wrap elementor-element-populated\">\n\t\t\t\t\t\t\t\t<div class=\"elementor-element elementor-element-4de8d97 elementor-widget elementor-widget-heading\" data-id=\"4de8d97\" data-element_type=\"widget\" data-widget_type=\"heading.default\">\n\t\t\t\t<div class=\"elementor-widget-container\">\n\t\t\t<h2 class=\"elementor-heading-title elementor-size-default\">MATR\u00cdCULAS PARA 2025\/2026<\/h2>\t\t<\/div>\n\t\t\t\t<\/div>\n\t\t\t\t\t<\/div>\n\t\t<\/div>\n\t\t\t\t\t\t\t<\/div>\n\t\t<\/section>\n\t\t\t\t<section class=\"elementor-section elementor-top-section elementor-element elementor-element-0045173 elementor-section-boxed elementor-section-height-default elementor-section-height-default\" data-id=\"0045173\" data-element_type=\"section\">\n\t\t\t\t\t\t<div class=\"elementor-container elementor-column-gap-default\">\n\t\t\t\t\t<div class=\"elementor-column elementor-col-100 elementor-top-column elementor-element elementor-element-6eb5bef\" data-id=\"6eb5bef\" data-element_type=\"column\">\n\t\t\t<div class=\"elementor-widget-wrap elementor-element-populated\">\n\t\t\t\t\t\t\t\t<div class=\"elementor-element elementor-element-2ae374a elementor-widget elementor-widget-image\" data-id=\"2ae374a\" data-element_type=\"widget\" data-widget_type=\"image.default\">\n\t\t\t\t<div class=\"elementor-widget-container\">\n\t\t\t\t\t\t\t\t\t\t\t\t\t\t\t<img loading=\"lazy\" decoding=\"async\" width=\"696\" height=\"187\" src=\"https:\/\/www.ae2serpa.pt\/wp-content\/uploads\/2025\/06\/Matriculas_25-26-_-Prazos-1024x275.jpg\" class=\"attachment-large size-large wp-image-9270\" alt=\"\" srcset=\"https:\/\/www.ae2serpa.pt\/wp-content\/uploads\/2025\/06\/Matriculas_25-26-_-Prazos-1024x275.jpg 1024w, https:\/\/www.ae2serpa.pt\/wp-content\/uploads\/2025\/06\/Matriculas_25-26-_-Prazos-300x81.jpg 300w, https:\/\/www.ae2serpa.pt\/wp-content\/uploads\/2025\/06\/Matriculas_25-26-_-Prazos-768x206.jpg 768w, https:\/\/www.ae2serpa.pt\/wp-content\/uploads\/2025\/06\/Matriculas_25-26-_-Prazos.jpg 1140w\" sizes=\"(max-width: 696px) 100vw, 696px\" \/>\t\t\t\t\t\t\t\t\t\t\t\t\t\t\t<\/div>\n\t\t\t\t<\/div>\n\t\t\t\t\t<\/div>\n\t\t<\/div>\n\t\t\t\t\t\t\t<\/div>\n\t\t<\/section>\n\t\t\t\t<section class=\"elementor-section elementor-top-section elementor-element elementor-element-5667af4 elementor-section-boxed elementor-section-height-default elementor-section-height-default\" data-id=\"5667af4\" data-element_type=\"section\">\n\t\t\t\t\t\t<div class=\"elementor-container elementor-column-gap-default\">\n\t\t\t\t\t<div class=\"elementor-column elementor-col-100 elementor-top-column elementor-element elementor-element-33c5e5d\" data-id=\"33c5e5d\" data-element_type=\"column\">\n\t\t\t<div class=\"elementor-widget-wrap elementor-element-populated\">\n\t\t\t\t\t\t\t\t<div class=\"elementor-element elementor-element-8d9ec1d elementor-widget__width-initial elementor-widget elementor-widget-image\" data-id=\"8d9ec1d\" data-element_type=\"widget\" data-widget_type=\"image.default\">\n\t\t\t\t<div class=\"elementor-widget-container\">\n\t\t\t\t\t\t\t\t\t\t\t\t\t\t\t\t<a href=\"https:\/\/www.portaldasmatriculas.edu.gov.pt\/\" target=\"_blank\">\n\t\t\t\t\t\t\t<img loading=\"lazy\" decoding=\"async\" width=\"300\" height=\"142\" src=\"https:\/\/www.ae2serpa.pt\/wp-content\/uploads\/2025\/06\/P_Matriculas-300x142.jpg\" class=\"attachment-medium size-medium wp-image-9278\" alt=\"\" srcset=\"https:\/\/www.ae2serpa.pt\/wp-content\/uploads\/2025\/06\/P_Matriculas-300x142.jpg 300w, https:\/\/www.ae2serpa.pt\/wp-content\/uploads\/2025\/06\/P_Matriculas-1024x485.jpg 1024w, https:\/\/www.ae2serpa.pt\/wp-content\/uploads\/2025\/06\/P_Matriculas-768x364.jpg 768w, https:\/\/www.ae2serpa.pt\/wp-content\/uploads\/2025\/06\/P_Matriculas.jpg 1274w\" sizes=\"(max-width: 300px) 100vw, 300px\" \/>\t\t\t\t\t\t\t\t<\/a>\n\t\t\t\t\t\t\t\t\t\t\t\t\t\t\t<\/div>\n\t\t\t\t<\/div>\n\t\t\t\t\t<\/div>\n\t\t<\/div>\n\t\t\t\t\t\t\t<\/div>\n\t\t<\/section>\n\t\t\t\t<section class=\"elementor-section elementor-top-section elementor-element elementor-element-52f07a1 elementor-section-boxed elementor-section-height-default elementor-section-height-default\" data-id=\"52f07a1\" data-element_type=\"section\">\n\t\t\t\t\t\t<div class=\"elementor-container elementor-column-gap-default\">\n\t\t\t\t\t<div class=\"elementor-column elementor-col-100 elementor-top-column elementor-element elementor-element-4a255fe\" data-id=\"4a255fe\" data-element_type=\"column\">\n\t\t\t<div class=\"elementor-widget-wrap elementor-element-populated\">\n\t\t\t\t\t\t\t\t<div class=\"elementor-element elementor-element-39e4a44 elementor-widget elementor-widget-text-editor\" data-id=\"39e4a44\" data-element_type=\"widget\" data-widget_type=\"text-editor.default\">\n\t\t\t\t<div class=\"elementor-widget-container\">\n\t\t\t\t\t\t\t<p style=\"text-align: center;\"><font size=2><b>\u21d1 Clique na imagem acima para aceder ao Portal das Matr\u00edculas \u21d1<\/b><\/font><\/p>\t\t\t\t\t\t<\/div>\n\t\t\t\t<\/div>\n\t\t\t\t\t<\/div>\n\t\t<\/div>\n\t\t\t\t\t\t\t<\/div>\n\t\t<\/section>\n\t\t\t\t<section class=\"elementor-section elementor-top-section elementor-element elementor-element-b4e0a1e elementor-section-boxed elementor-section-height-default elementor-section-height-default\" data-id=\"b4e0a1e\" data-element_type=\"section\">\n\t\t\t\t\t\t<div class=\"elementor-container elementor-column-gap-default\">\n\t\t\t\t\t<div class=\"elementor-column elementor-col-100 elementor-top-column elementor-element elementor-element-6bce4de\" data-id=\"6bce4de\" data-element_type=\"column\">\n\t\t\t<div class=\"elementor-widget-wrap elementor-element-populated\">\n\t\t\t\t\t\t\t\t<div class=\"elementor-element elementor-element-c8ada4c elementor-widget elementor-widget-text-editor\" data-id=\"c8ada4c\" data-element_type=\"widget\" data-widget_type=\"text-editor.default\">\n\t\t\t\t<div class=\"elementor-widget-container\">\n\t\t\t\t\t\t\t<p><strong>Diplomas legais de refer\u00eancia<\/strong><\/p>\t\t\t\t\t\t<\/div>\n\t\t\t\t<\/div>\n\t\t\t\t\t<\/div>\n\t\t<\/div>\n\t\t\t\t\t\t\t<\/div>\n\t\t<\/section>\n\t\t\t\t<section class=\"elementor-section elementor-top-section elementor-element elementor-element-d024b9e elementor-section-boxed elementor-section-height-default elementor-section-height-default\" data-id=\"d024b9e\" data-element_type=\"section\">\n\t\t\t\t\t\t<div class=\"elementor-container elementor-column-gap-default\">\n\t\t\t\t\t<div class=\"elementor-column elementor-col-33 elementor-top-column elementor-element elementor-element-cf933fc\" data-id=\"cf933fc\" data-element_type=\"column\">\n\t\t\t<div class=\"elementor-widget-wrap elementor-element-populated\">\n\t\t\t\t\t\t\t\t<div class=\"elementor-element elementor-element-d63b65b elementor-widget__width-initial elementor-widget elementor-widget-image\" data-id=\"d63b65b\" data-element_type=\"widget\" data-widget_type=\"image.default\">\n\t\t\t\t<div class=\"elementor-widget-container\">\n\t\t\t\t\t\t\t\t\t\t\t\t\t\t\t\t<a href=\"https:\/\/diariodarepublica.pt\/dr\/detalhe\/despacho\/3640-a-2025-912066254#\">\n\t\t\t\t\t\t\t<img loading=\"lazy\" decoding=\"async\" width=\"696\" height=\"855\" src=\"https:\/\/www.ae2serpa.pt\/wp-content\/uploads\/2021\/08\/PDF.svg\" class=\"attachment-large size-large wp-image-3520\" alt=\"\" \/>\t\t\t\t\t\t\t\t<\/a>\n\t\t\t\t\t\t\t\t\t\t\t\t\t\t\t<\/div>\n\t\t\t\t<\/div>\n\t\t\t\t\t<\/div>\n\t\t<\/div>\n\t\t\t\t<div class=\"elementor-column elementor-col-66 elementor-top-column elementor-element elementor-element-8826ef0\" data-id=\"8826ef0\" data-element_type=\"column\">\n\t\t\t<div class=\"elementor-widget-wrap elementor-element-populated\">\n\t\t\t\t\t\t\t\t<div class=\"elementor-element elementor-element-2de8907 elementor-widget elementor-widget-text-editor\" data-id=\"2de8907\" data-element_type=\"widget\" data-widget_type=\"text-editor.default\">\n\t\t\t\t<div class=\"elementor-widget-container\">\n\t\t\t\t\t\t\t<p><a href=\"https:\/\/diariodarepublica.pt\/dr\/detalhe\/despacho\/3640-a-2025-912066254\">Despacho n.\u00ba 3640-A\/2025<\/a>, de 25 de mar\u00e7o<br \/>Define o calend\u00e1rio das matr\u00edculas e respetivas renova\u00e7\u00f5es<\/p>\t\t\t\t\t\t<\/div>\n\t\t\t\t<\/div>\n\t\t\t\t\t<\/div>\n\t\t<\/div>\n\t\t\t\t\t\t\t<\/div>\n\t\t<\/section>\n\t\t\t\t<section class=\"elementor-section elementor-top-section elementor-element elementor-element-d16696f elementor-section-boxed elementor-section-height-default elementor-section-height-default\" data-id=\"d16696f\" data-element_type=\"section\">\n\t\t\t\t\t\t<div class=\"elementor-container elementor-column-gap-default\">\n\t\t\t\t\t<div class=\"elementor-column elementor-col-33 elementor-top-column elementor-element elementor-element-dbf09c7\" data-id=\"dbf09c7\" data-element_type=\"column\">\n\t\t\t<div class=\"elementor-widget-wrap elementor-element-populated\">\n\t\t\t\t\t\t\t\t<div class=\"elementor-element elementor-element-5513e6b elementor-widget__width-initial elementor-widget elementor-widget-image\" data-id=\"5513e6b\" data-element_type=\"widget\" data-widget_type=\"image.default\">\n\t\t\t\t<div class=\"elementor-widget-container\">\n\t\t\t\t\t\t\t\t\t\t\t\t\t\t\t\t<a href=\"https:\/\/diariodarepublica.pt\/dr\/detalhe\/despacho-normativo\/2-b-2025-912066255#\">\n\t\t\t\t\t\t\t<img loading=\"lazy\" decoding=\"async\" width=\"696\" height=\"855\" src=\"https:\/\/www.ae2serpa.pt\/wp-content\/uploads\/2021\/08\/PDF.svg\" class=\"attachment-large size-large wp-image-3520\" alt=\"\" \/>\t\t\t\t\t\t\t\t<\/a>\n\t\t\t\t\t\t\t\t\t\t\t\t\t\t\t<\/div>\n\t\t\t\t<\/div>\n\t\t\t\t\t<\/div>\n\t\t<\/div>\n\t\t\t\t<div class=\"elementor-column elementor-col-66 elementor-top-column elementor-element elementor-element-eeb2d8c\" data-id=\"eeb2d8c\" data-element_type=\"column\">\n\t\t\t<div class=\"elementor-widget-wrap elementor-element-populated\">\n\t\t\t\t\t\t\t\t<div class=\"elementor-element elementor-element-7acdd18 elementor-widget elementor-widget-text-editor\" data-id=\"7acdd18\" data-element_type=\"widget\" data-widget_type=\"text-editor.default\">\n\t\t\t\t<div class=\"elementor-widget-container\">\n\t\t\t\t\t\t\t<p><a href=\"https:\/\/diariodarepublica.pt\/dr\/detalhe\/despacho-normativo\/2-b-2025-912066255\">Despacho Normativo n.\u00ba 2-B\/2025<\/a>, de 21 de mar\u00e7o<br \/>Procedimentos da matr\u00edcula e respetiva renova\u00e7\u00e3o<br \/>Normas a observar na distribui\u00e7\u00e3o de crian\u00e7as e alunos<\/p>\t\t\t\t\t\t<\/div>\n\t\t\t\t<\/div>\n\t\t\t\t\t<\/div>\n\t\t<\/div>\n\t\t\t\t\t\t\t<\/div>\n\t\t<\/section>\n\t\t\t\t<section class=\"elementor-section elementor-top-section elementor-element elementor-element-a0cb5f7 elementor-section-boxed elementor-section-height-default elementor-section-height-default\" data-id=\"a0cb5f7\" data-element_type=\"section\">\n\t\t\t\t\t\t<div class=\"elementor-container elementor-column-gap-default\">\n\t\t\t\t\t<div class=\"elementor-column elementor-col-33 elementor-top-column elementor-element elementor-element-a41dbec\" data-id=\"a41dbec\" data-element_type=\"column\">\n\t\t\t<div class=\"elementor-widget-wrap elementor-element-populated\">\n\t\t\t\t\t\t\t\t<div class=\"elementor-element elementor-element-3391cc6 elementor-widget elementor-widget-image\" data-id=\"3391cc6\" data-element_type=\"widget\" data-widget_type=\"image.default\">\n\t\t\t\t<div class=\"elementor-widget-container\">\n\t\t\t\t\t\t\t\t\t\t\t\t\t\t\t\t<a href=\"https:\/\/www.ae2serpa.pt\/wp-content\/uploads\/2025\/06\/Matriculas-2025-2026.pdf\" target=\"_blank\" rel=\"nofollow\">\n\t\t\t\t\t\t\t<img loading=\"lazy\" decoding=\"async\" width=\"122\" height=\"150\" src=\"https:\/\/www.ae2serpa.pt\/wp-content\/uploads\/2021\/08\/PDF.svg\" class=\"attachment-thumbnail size-thumbnail wp-image-3520\" alt=\"\" \/>\t\t\t\t\t\t\t\t<\/a>\n\t\t\t\t\t\t\t\t\t\t\t\t\t\t\t<\/div>\n\t\t\t\t<\/div>\n\t\t\t\t\t<\/div>\n\t\t<\/div>\n\t\t\t\t<div class=\"elementor-column elementor-col-66 elementor-top-column elementor-element elementor-element-25a6596\" data-id=\"25a6596\" data-element_type=\"column\">\n\t\t\t<div class=\"elementor-widget-wrap elementor-element-populated\">\n\t\t\t\t\t\t\t\t<div class=\"elementor-element elementor-element-48fbdcb elementor-widget elementor-widget-text-editor\" data-id=\"48fbdcb\" data-element_type=\"widget\" data-widget_type=\"text-editor.default\">\n\t\t\t\t<div class=\"elementor-widget-container\">\n\t\t\t\t\t\t\t<p style=\"text-align: left;\"><strong><span style=\"color: #800000;\">Matr\u00edculas 2025\/2026: Calend\u00e1rio e procedimentos internos<br \/><\/span><\/strong><\/p>\t\t\t\t\t\t<\/div>\n\t\t\t\t<\/div>\n\t\t\t\t\t<\/div>\n\t\t<\/div>\n\t\t\t\t\t\t\t<\/div>\n\t\t<\/section>\n\t\t\t\t<section class=\"elementor-section elementor-top-section elementor-element elementor-element-2162a29 elementor-section-boxed elementor-section-height-default elementor-section-height-default\" data-id=\"2162a29\" data-element_type=\"section\">\n\t\t\t\t\t\t<div class=\"elementor-container elementor-column-gap-default\">\n\t\t\t\t\t<div class=\"elementor-column elementor-col-33 elementor-top-column elementor-element elementor-element-2a9fc50\" data-id=\"2a9fc50\" data-element_type=\"column\">\n\t\t\t<div class=\"elementor-widget-wrap elementor-element-populated\">\n\t\t\t\t\t\t\t\t<div class=\"elementor-element elementor-element-ff28cb4 elementor-widget elementor-widget-image\" data-id=\"ff28cb4\" data-element_type=\"widget\" data-widget_type=\"image.default\">\n\t\t\t\t<div class=\"elementor-widget-container\">\n\t\t\t\t\t\t\t\t\t\t\t\t\t\t\t<img loading=\"lazy\" decoding=\"async\" width=\"324\" height=\"684\" src=\"https:\/\/www.ae2serpa.pt\/wp-content\/uploads\/2024\/05\/forms.png\" class=\"attachment-full size-full wp-image-8279\" alt=\"\" srcset=\"https:\/\/www.ae2serpa.pt\/wp-content\/uploads\/2024\/05\/forms.png 324w, https:\/\/www.ae2serpa.pt\/wp-content\/uploads\/2024\/05\/forms-142x300.png 142w\" sizes=\"(max-width: 324px) 100vw, 324px\" \/>\t\t\t\t\t\t\t\t\t\t\t\t\t\t\t<\/div>\n\t\t\t\t<\/div>\n\t\t\t\t\t<\/div>\n\t\t<\/div>\n\t\t\t\t<div class=\"elementor-column elementor-col-66 elementor-top-column elementor-element elementor-element-3b8f0c3\" data-id=\"3b8f0c3\" data-element_type=\"column\">\n\t\t\t<div class=\"elementor-widget-wrap elementor-element-populated\">\n\t\t\t\t\t\t\t\t<div class=\"elementor-element elementor-element-b3fcbea elementor-widget elementor-widget-text-editor\" data-id=\"b3fcbea\" data-element_type=\"widget\" data-widget_type=\"text-editor.default\">\n\t\t\t\t<div class=\"elementor-widget-container\">\n\t\t\t\t\t\t\t<p style=\"text-align: left;\"><span style=\"color: #800000;\"><span style=\"font-weight: var( --e-global-typography-text-font-weight );\">Formul\u00e1rios pr\u00e9vios para recolha das prefer\u00eancias das op\u00e7\u00f5es do 12\u00ba ano a funcionar em 2025\/2026 <span style=\"color: #008000;\"><em>(atualizado)<\/em><\/span>:<br \/>\u25ca Alunos do curso de\u00a0 <a href=\"https:\/\/forms.office.com\/e\/UxH7DE1NUN\">Ci\u00eancias e Tecnologias\u00a0<\/a><br \/>\u25ca Alunos do curso de\u00a0 <a href=\"https:\/\/forms.office.com\/e\/manx44GA8h\">Ci\u00eancias Socioecon\u00f3micas<\/a>\u00a0<br \/>\u25ca Alunos do curso de\u00a0 <a href=\"https:\/\/forms.office.com\/e\/0hJ1YZkAFH\">L\u00ednguas e Humanidades<\/a>\u00a0<\/span><\/span><\/p>\t\t\t\t\t\t<\/div>\n\t\t\t\t<\/div>\n\t\t\t\t\t<\/div>\n\t\t<\/div>\n\t\t\t\t\t\t\t<\/div>\n\t\t<\/section>\n\t\t\t\t\t\t\t<\/div>\n\t\t","protected":false},"excerpt":{"rendered":"<p>MATR\u00cdCULAS PARA 2025\/2026 \u21d1 Clique na imagem acima para aceder ao Portal das Matr\u00edculas \u21d1 Diplomas legais de refer\u00eancia Despacho n.\u00ba 3640-A\/2025, de 25 de mar\u00e7oDefine o calend\u00e1rio das matr\u00edculas e respetivas renova\u00e7\u00f5es Despacho Normativo n.\u00ba 2-B\/2025, de 21 de mar\u00e7oProcedimentos da matr\u00edcula e respetiva renova\u00e7\u00e3oNormas a observar na distribui\u00e7\u00e3o de crian\u00e7as e alunos Matr\u00edculas [&hellip;]<\/p>\n","protected":false},"author":4,"featured_media":0,"parent":0,"menu_order":0,"comment_status":"closed","ping_status":"closed","template":"","meta":{"footnotes":""},"yoast_head":"<!-- This site is optimized with the Yoast SEO plugin v22.8 - https:\/\/yoast.com\/wordpress\/plugins\/seo\/ -->\n<title>MATR\u00cdCULAS E CALEND\u00c1RIO ESCOLAR - Agrupamento de Escolas n.\u00ba 2 de Serpa<\/title>\n<meta name=\"description\" content=\"Informa\u00e7\u00e3o relativa ao calend\u00e1rio de matr\u00edculas e o calend\u00e1rio escolar do ano letivo 2021\/2022. D\u00e1 liga\u00e7\u00e3o para o Portal das Matr\u00edculas.\" \/>\n<meta name=\"robots\" content=\"index, follow, max-snippet:-1, max-image-preview:large, max-video-preview:-1\" \/>\n<link rel=\"canonical\" href=\"https:\/\/www.ae2serpa.pt\/index.php\/matriculas-e-calendario-escolar\/\" \/>\n<meta property=\"og:locale\" content=\"pt_PT\" \/>\n<meta property=\"og:type\" content=\"article\" \/>\n<meta property=\"og:title\" content=\"MATR\u00cdCULAS E CALEND\u00c1RIO ESCOLAR - Agrupamento de Escolas n.\u00ba 2 de Serpa\" \/>\n<meta property=\"og:description\" content=\"Informa\u00e7\u00e3o relativa ao calend\u00e1rio de matr\u00edculas e o calend\u00e1rio escolar do ano letivo 2021\/2022. D\u00e1 liga\u00e7\u00e3o para o Portal das Matr\u00edculas.\" \/>\n<meta property=\"og:url\" content=\"https:\/\/www.ae2serpa.pt\/index.php\/matriculas-e-calendario-escolar\/\" \/>\n<meta property=\"og:site_name\" content=\"Agrupamento de Escolas n.\u00ba 2 de Serpa\" \/>\n<meta property=\"article:publisher\" content=\"https:\/\/www.facebook.com\/AE2Serpa\/\" \/>\n<meta property=\"article:modified_time\" content=\"2025-06-21T17:48:34+00:00\" \/>\n<meta property=\"og:image\" content=\"https:\/\/www.ae2serpa.pt\/wp-content\/uploads\/2025\/06\/Matriculas_25-26-_-Prazos-1024x275.jpg\" \/>\n<meta name=\"twitter:card\" content=\"summary_large_image\" \/>\n<meta name=\"twitter:site\" content=\"@ae2serpa\" \/>\n<meta name=\"twitter:label1\" content=\"Tempo estimado de leitura\" \/>\n\t<meta name=\"twitter:data1\" content=\"3 minutos\" \/>\n<script type=\"application\/ld+json\" class=\"yoast-schema-graph\">{\"@context\":\"https:\/\/schema.org\",\"@graph\":[{\"@type\":\"WebPage\",\"@id\":\"https:\/\/www.ae2serpa.pt\/index.php\/matriculas-e-calendario-escolar\/\",\"url\":\"https:\/\/www.ae2serpa.pt\/index.php\/matriculas-e-calendario-escolar\/\",\"name\":\"MATR\u00cdCULAS E CALEND\u00c1RIO ESCOLAR - Agrupamento de Escolas n.\u00ba 2 de Serpa\",\"isPartOf\":{\"@id\":\"https:\/\/www.ae2serpa.pt\/#website\"},\"primaryImageOfPage\":{\"@id\":\"https:\/\/www.ae2serpa.pt\/index.php\/matriculas-e-calendario-escolar\/#primaryimage\"},\"image\":{\"@id\":\"https:\/\/www.ae2serpa.pt\/index.php\/matriculas-e-calendario-escolar\/#primaryimage\"},\"thumbnailUrl\":\"https:\/\/www.ae2serpa.pt\/wp-content\/uploads\/2025\/06\/Matriculas_25-26-_-Prazos-1024x275.jpg\",\"datePublished\":\"2021-07-25T00:49:15+00:00\",\"dateModified\":\"2025-06-21T17:48:34+00:00\",\"description\":\"Informa\u00e7\u00e3o relativa ao calend\u00e1rio de matr\u00edculas e o calend\u00e1rio escolar do ano letivo 2021\/2022. D\u00e1 liga\u00e7\u00e3o para o Portal das Matr\u00edculas.\",\"breadcrumb\":{\"@id\":\"https:\/\/www.ae2serpa.pt\/index.php\/matriculas-e-calendario-escolar\/#breadcrumb\"},\"inLanguage\":\"pt-PT\",\"potentialAction\":[{\"@type\":\"ReadAction\",\"target\":[\"https:\/\/www.ae2serpa.pt\/index.php\/matriculas-e-calendario-escolar\/\"]}]},{\"@type\":\"ImageObject\",\"inLanguage\":\"pt-PT\",\"@id\":\"https:\/\/www.ae2serpa.pt\/index.php\/matriculas-e-calendario-escolar\/#primaryimage\",\"url\":\"https:\/\/www.ae2serpa.pt\/wp-content\/uploads\/2025\/06\/Matriculas_25-26-_-Prazos.jpg\",\"contentUrl\":\"https:\/\/www.ae2serpa.pt\/wp-content\/uploads\/2025\/06\/Matriculas_25-26-_-Prazos.jpg\",\"width\":1140,\"height\":306},{\"@type\":\"BreadcrumbList\",\"@id\":\"https:\/\/www.ae2serpa.pt\/index.php\/matriculas-e-calendario-escolar\/#breadcrumb\",\"itemListElement\":[{\"@type\":\"ListItem\",\"position\":1,\"name\":\"In\u00edcio\",\"item\":\"https:\/\/www.ae2serpa.pt\/\"},{\"@type\":\"ListItem\",\"position\":2,\"name\":\"MATR\u00cdCULAS E CALEND\u00c1RIO ESCOLAR\"}]},{\"@type\":\"WebSite\",\"@id\":\"https:\/\/www.ae2serpa.pt\/#website\",\"url\":\"https:\/\/www.ae2serpa.pt\/\",\"name\":\"AGRUPAMENTO DE ESCOLAS N.\u00ba 2 DE SERPA\",\"description\":\"Agrupamento de Escolas n.\u00ba 2 de Serpa\",\"publisher\":{\"@id\":\"https:\/\/www.ae2serpa.pt\/#organization\"},\"potentialAction\":[{\"@type\":\"SearchAction\",\"target\":{\"@type\":\"EntryPoint\",\"urlTemplate\":\"https:\/\/www.ae2serpa.pt\/?s={search_term_string}\"},\"query-input\":\"required name=search_term_string\"}],\"inLanguage\":\"pt-PT\"},{\"@type\":\"Organization\",\"@id\":\"https:\/\/www.ae2serpa.pt\/#organization\",\"name\":\"AGRUMANENTO DE ESOLAS N.\u00ba 2 DE SERPA\",\"url\":\"https:\/\/www.ae2serpa.pt\/\",\"logo\":{\"@type\":\"ImageObject\",\"inLanguage\":\"pt-PT\",\"@id\":\"https:\/\/www.ae2serpa.pt\/#\/schema\/logo\/image\/\",\"url\":\"https:\/\/www.ae2serpa.pt\/wp-content\/uploads\/2021\/07\/AE2Serpa_LogoNovo-e1627067148639.png\",\"contentUrl\":\"https:\/\/www.ae2serpa.pt\/wp-content\/uploads\/2021\/07\/AE2Serpa_LogoNovo-e1627067148639.png\",\"width\":250,\"height\":149,\"caption\":\"AGRUMANENTO DE ESOLAS N.\u00ba 2 DE SERPA\"},\"image\":{\"@id\":\"https:\/\/www.ae2serpa.pt\/#\/schema\/logo\/image\/\"},\"sameAs\":[\"https:\/\/www.facebook.com\/AE2Serpa\/\",\"https:\/\/x.com\/ae2serpa\",\"https:\/\/www.instagram.com\/agresc2serpa\/\"]}]}<\/script>\n<!-- \/ Yoast SEO plugin. -->","yoast_head_json":{"title":"MATR\u00cdCULAS E CALEND\u00c1RIO ESCOLAR - Agrupamento de Escolas n.\u00ba 2 de Serpa","description":"Informa\u00e7\u00e3o relativa ao calend\u00e1rio de matr\u00edculas e o calend\u00e1rio escolar do ano letivo 2021\/2022. D\u00e1 liga\u00e7\u00e3o para o Portal das Matr\u00edculas.","robots":{"index":"index","follow":"follow","max-snippet":"max-snippet:-1","max-image-preview":"max-image-preview:large","max-video-preview":"max-video-preview:-1"},"canonical":"https:\/\/www.ae2serpa.pt\/index.php\/matriculas-e-calendario-escolar\/","og_locale":"pt_PT","og_type":"article","og_title":"MATR\u00cdCULAS E CALEND\u00c1RIO ESCOLAR - Agrupamento de Escolas n.\u00ba 2 de Serpa","og_description":"Informa\u00e7\u00e3o relativa ao calend\u00e1rio de matr\u00edculas e o calend\u00e1rio escolar do ano letivo 2021\/2022. D\u00e1 liga\u00e7\u00e3o para o Portal das Matr\u00edculas.","og_url":"https:\/\/www.ae2serpa.pt\/index.php\/matriculas-e-calendario-escolar\/","og_site_name":"Agrupamento de Escolas n.\u00ba 2 de Serpa","article_publisher":"https:\/\/www.facebook.com\/AE2Serpa\/","article_modified_time":"2025-06-21T17:48:34+00:00","og_image":[{"url":"https:\/\/www.ae2serpa.pt\/wp-content\/uploads\/2025\/06\/Matriculas_25-26-_-Prazos-1024x275.jpg"}],"twitter_card":"summary_large_image","twitter_site":"@ae2serpa","twitter_misc":{"Tempo estimado de leitura":"3 minutos"},"schema":{"@context":"https:\/\/schema.org","@graph":[{"@type":"WebPage","@id":"https:\/\/www.ae2serpa.pt\/index.php\/matriculas-e-calendario-escolar\/","url":"https:\/\/www.ae2serpa.pt\/index.php\/matriculas-e-calendario-escolar\/","name":"MATR\u00cdCULAS E CALEND\u00c1RIO ESCOLAR - Agrupamento de Escolas n.\u00ba 2 de Serpa","isPartOf":{"@id":"https:\/\/www.ae2serpa.pt\/#website"},"primaryImageOfPage":{"@id":"https:\/\/www.ae2serpa.pt\/index.php\/matriculas-e-calendario-escolar\/#primaryimage"},"image":{"@id":"https:\/\/www.ae2serpa.pt\/index.php\/matriculas-e-calendario-escolar\/#primaryimage"},"thumbnailUrl":"https:\/\/www.ae2serpa.pt\/wp-content\/uploads\/2025\/06\/Matriculas_25-26-_-Prazos-1024x275.jpg","datePublished":"2021-07-25T00:49:15+00:00","dateModified":"2025-06-21T17:48:34+00:00","description":"Informa\u00e7\u00e3o relativa ao calend\u00e1rio de matr\u00edculas e o calend\u00e1rio escolar do ano letivo 2021\/2022. D\u00e1 liga\u00e7\u00e3o para o Portal das Matr\u00edculas.","breadcrumb":{"@id":"https:\/\/www.ae2serpa.pt\/index.php\/matriculas-e-calendario-escolar\/#breadcrumb"},"inLanguage":"pt-PT","potentialAction":[{"@type":"ReadAction","target":["https:\/\/www.ae2serpa.pt\/index.php\/matriculas-e-calendario-escolar\/"]}]},{"@type":"ImageObject","inLanguage":"pt-PT","@id":"https:\/\/www.ae2serpa.pt\/index.php\/matriculas-e-calendario-escolar\/#primaryimage","url":"https:\/\/www.ae2serpa.pt\/wp-content\/uploads\/2025\/06\/Matriculas_25-26-_-Prazos.jpg","contentUrl":"https:\/\/www.ae2serpa.pt\/wp-content\/uploads\/2025\/06\/Matriculas_25-26-_-Prazos.jpg","width":1140,"height":306},{"@type":"BreadcrumbList","@id":"https:\/\/www.ae2serpa.pt\/index.php\/matriculas-e-calendario-escolar\/#breadcrumb","itemListElement":[{"@type":"ListItem","position":1,"name":"In\u00edcio","item":"https:\/\/www.ae2serpa.pt\/"},{"@type":"ListItem","position":2,"name":"MATR\u00cdCULAS E CALEND\u00c1RIO ESCOLAR"}]},{"@type":"WebSite","@id":"https:\/\/www.ae2serpa.pt\/#website","url":"https:\/\/www.ae2serpa.pt\/","name":"AGRUPAMENTO DE ESCOLAS N.\u00ba 2 DE SERPA","description":"Agrupamento de Escolas n.\u00ba 2 de Serpa","publisher":{"@id":"https:\/\/www.ae2serpa.pt\/#organization"},"potentialAction":[{"@type":"SearchAction","target":{"@type":"EntryPoint","urlTemplate":"https:\/\/www.ae2serpa.pt\/?s={search_term_string}"},"query-input":"required name=search_term_string"}],"inLanguage":"pt-PT"},{"@type":"Organization","@id":"https:\/\/www.ae2serpa.pt\/#organization","name":"AGRUMANENTO DE ESOLAS N.\u00ba 2 DE SERPA","url":"https:\/\/www.ae2serpa.pt\/","logo":{"@type":"ImageObject","inLanguage":"pt-PT","@id":"https:\/\/www.ae2serpa.pt\/#\/schema\/logo\/image\/","url":"https:\/\/www.ae2serpa.pt\/wp-content\/uploads\/2021\/07\/AE2Serpa_LogoNovo-e1627067148639.png","contentUrl":"https:\/\/www.ae2serpa.pt\/wp-content\/uploads\/2021\/07\/AE2Serpa_LogoNovo-e1627067148639.png","width":250,"height":149,"caption":"AGRUMANENTO DE ESOLAS N.\u00ba 2 DE SERPA"},"image":{"@id":"https:\/\/www.ae2serpa.pt\/#\/schema\/logo\/image\/"},"sameAs":["https:\/\/www.facebook.com\/AE2Serpa\/","https:\/\/x.com\/ae2serpa","https:\/\/www.instagram.com\/agresc2serpa\/"]}]}},"_links":{"self":[{"href":"https:\/\/www.ae2serpa.pt\/index.php\/wp-json\/wp\/v2\/pages\/858"}],"collection":[{"href":"https:\/\/www.ae2serpa.pt\/index.php\/wp-json\/wp\/v2\/pages"}],"about":[{"href":"https:\/\/www.ae2serpa.pt\/index.php\/wp-json\/wp\/v2\/types\/page"}],"author":[{"embeddable":true,"href":"https:\/\/www.ae2serpa.pt\/index.php\/wp-json\/wp\/v2\/users\/4"}],"replies":[{"embeddable":true,"href":"https:\/\/www.ae2serpa.pt\/index.php\/wp-json\/wp\/v2\/comments?post=858"}],"version-history":[{"count":196,"href":"https:\/\/www.ae2serpa.pt\/index.php\/wp-json\/wp\/v2\/pages\/858\/revisions"}],"predecessor-version":[{"id":9350,"href":"https:\/\/www.ae2serpa.pt\/index.php\/wp-json\/wp\/v2\/pages\/858\/revisions\/9350"}],"wp:attachment":[{"href":"https:\/\/www.ae2serpa.pt\/index.php\/wp-json\/wp\/v2\/media?parent=858"}],"curies":[{"name":"wp","href":"https:\/\/api.w.org\/{rel}","templated":true}]}}