{"id":840,"date":"2021-07-25T00:38:34","date_gmt":"2021-07-25T00:38:34","guid":{"rendered":"https:\/\/www.ae2serpa.pt\/?page_id=840"},"modified":"2025-03-13T14:40:01","modified_gmt":"2025-03-13T14:40:01","slug":"centro-qualifica","status":"publish","type":"page","link":"https:\/\/www.ae2serpa.pt\/index.php\/centro-qualifica\/","title":{"rendered":"CENTRO QUALIFICA"},"content":{"rendered":"\t\t<div data-elementor-type=\"wp-page\" data-elementor-id=\"840\" class=\"elementor elementor-840\">\n\t\t\t\t\t\t\t\t\t<section class=\"elementor-section elementor-top-section elementor-element elementor-element-84c157c elementor-section-boxed elementor-section-height-default elementor-section-height-default\" data-id=\"84c157c\" data-element_type=\"section\">\n\t\t\t\t\t\t<div class=\"elementor-container elementor-column-gap-default\">\n\t\t\t\t\t<div class=\"elementor-column elementor-col-100 elementor-top-column elementor-element elementor-element-a12eed9\" data-id=\"a12eed9\" data-element_type=\"column\">\n\t\t\t<div class=\"elementor-widget-wrap\">\n\t\t\t\t\t\t\t\t\t<\/div>\n\t\t<\/div>\n\t\t\t\t\t\t\t<\/div>\n\t\t<\/section>\n\t\t\t\t<section class=\"elementor-section elementor-top-section elementor-element elementor-element-69b932e elementor-section-boxed elementor-section-height-default elementor-section-height-default\" data-id=\"69b932e\" data-element_type=\"section\">\n\t\t\t\t\t\t<div class=\"elementor-container elementor-column-gap-default\">\n\t\t\t\t\t<div class=\"elementor-column elementor-col-33 elementor-top-column elementor-element elementor-element-27b3dc5\" data-id=\"27b3dc5\" data-element_type=\"column\">\n\t\t\t<div class=\"elementor-widget-wrap elementor-element-populated\">\n\t\t\t\t\t\t\t\t<div class=\"elementor-element elementor-element-0b6fd0f elementor-widget elementor-widget-image\" data-id=\"0b6fd0f\" data-element_type=\"widget\" data-widget_type=\"image.default\">\n\t\t\t\t<div class=\"elementor-widget-container\">\n\t\t\t\t\t\t\t\t\t\t\t\t\t\t\t<img loading=\"lazy\" decoding=\"async\" width=\"1500\" height=\"1500\" src=\"https:\/\/www.ae2serpa.pt\/wp-content\/uploads\/2021\/08\/3_Branco.png\" class=\"attachment-full size-full wp-image-1638\" alt=\"CQ.AE2Serpa_Logo\" srcset=\"https:\/\/www.ae2serpa.pt\/wp-content\/uploads\/2021\/08\/3_Branco.png 1500w, https:\/\/www.ae2serpa.pt\/wp-content\/uploads\/2021\/08\/3_Branco-300x300.png 300w, https:\/\/www.ae2serpa.pt\/wp-content\/uploads\/2021\/08\/3_Branco-1024x1024.png 1024w, https:\/\/www.ae2serpa.pt\/wp-content\/uploads\/2021\/08\/3_Branco-150x150.png 150w, https:\/\/www.ae2serpa.pt\/wp-content\/uploads\/2021\/08\/3_Branco-768x768.png 768w\" sizes=\"(max-width: 1500px) 100vw, 1500px\" \/>\t\t\t\t\t\t\t\t\t\t\t\t\t\t\t<\/div>\n\t\t\t\t<\/div>\n\t\t\t\t\t<\/div>\n\t\t<\/div>\n\t\t\t\t<div class=\"elementor-column elementor-col-66 elementor-top-column elementor-element elementor-element-5433263\" data-id=\"5433263\" data-element_type=\"column\">\n\t\t\t<div class=\"elementor-widget-wrap elementor-element-populated\">\n\t\t\t\t\t\t\t\t<div class=\"elementor-element elementor-element-142a196 elementor-widget elementor-widget-image\" data-id=\"142a196\" data-element_type=\"widget\" data-widget_type=\"image.default\">\n\t\t\t\t<div class=\"elementor-widget-container\">\n\t\t\t\t\t\t\t\t\t\t\t\t\t\t\t<img loading=\"lazy\" decoding=\"async\" width=\"696\" height=\"152\" src=\"https:\/\/www.ae2serpa.pt\/wp-content\/uploads\/2025\/03\/PESSOAS2030-1024x223.png\" class=\"attachment-large size-large wp-image-8939\" alt=\"\" srcset=\"https:\/\/www.ae2serpa.pt\/wp-content\/uploads\/2025\/03\/PESSOAS2030-1024x223.png 1024w, https:\/\/www.ae2serpa.pt\/wp-content\/uploads\/2025\/03\/PESSOAS2030-300x65.png 300w, https:\/\/www.ae2serpa.pt\/wp-content\/uploads\/2025\/03\/PESSOAS2030-768x167.png 768w, https:\/\/www.ae2serpa.pt\/wp-content\/uploads\/2025\/03\/PESSOAS2030-1536x335.png 1536w, https:\/\/www.ae2serpa.pt\/wp-content\/uploads\/2025\/03\/PESSOAS2030-2048x446.png 2048w\" sizes=\"(max-width: 696px) 100vw, 696px\" \/>\t\t\t\t\t\t\t\t\t\t\t\t\t\t\t<\/div>\n\t\t\t\t<\/div>\n\t\t\t\t<div class=\"elementor-element elementor-element-31db061 elementor-widget elementor-widget-image\" data-id=\"31db061\" data-element_type=\"widget\" data-widget_type=\"image.default\">\n\t\t\t\t<div class=\"elementor-widget-container\">\n\t\t\t\t\t\t\t\t\t\t\t\t\t\t\t<img loading=\"lazy\" decoding=\"async\" width=\"427\" height=\"96\" src=\"https:\/\/www.ae2serpa.pt\/wp-content\/uploads\/2022\/02\/RP_ANQEO_EQAVET.png\" class=\"attachment-large size-large wp-image-4742\" alt=\"\" srcset=\"https:\/\/www.ae2serpa.pt\/wp-content\/uploads\/2022\/02\/RP_ANQEO_EQAVET.png 427w, https:\/\/www.ae2serpa.pt\/wp-content\/uploads\/2022\/02\/RP_ANQEO_EQAVET-300x67.png 300w\" sizes=\"(max-width: 427px) 100vw, 427px\" \/>\t\t\t\t\t\t\t\t\t\t\t\t\t\t\t<\/div>\n\t\t\t\t<\/div>\n\t\t\t\t\t<\/div>\n\t\t<\/div>\n\t\t\t\t\t\t\t<\/div>\n\t\t<\/section>\n\t\t\t\t<section class=\"elementor-section elementor-top-section elementor-element elementor-element-3e458d7 elementor-section-boxed elementor-section-height-default elementor-section-height-default\" data-id=\"3e458d7\" data-element_type=\"section\">\n\t\t\t\t\t\t<div class=\"elementor-container elementor-column-gap-default\">\n\t\t\t\t\t<div class=\"elementor-column elementor-col-100 elementor-top-column elementor-element elementor-element-fdf81bb\" data-id=\"fdf81bb\" data-element_type=\"column\">\n\t\t\t<div class=\"elementor-widget-wrap elementor-element-populated\">\n\t\t\t\t\t\t\t\t<div class=\"elementor-element elementor-element-086a79e elementor-tabs-view-horizontal elementor-widget elementor-widget-tabs\" data-id=\"086a79e\" data-element_type=\"widget\" data-widget_type=\"tabs.default\">\n\t\t\t\t<div class=\"elementor-widget-container\">\n\t\t\t\t\t<div class=\"elementor-tabs\">\n\t\t\t<div class=\"elementor-tabs-wrapper\" role=\"tablist\" >\n\t\t\t\t\t\t\t\t\t<div id=\"elementor-tab-title-8821\" class=\"elementor-tab-title elementor-tab-desktop-title\" aria-selected=\"true\" data-tab=\"1\" role=\"tab\" tabindex=\"0\" aria-controls=\"elementor-tab-content-8821\" aria-expanded=\"false\">Quem somos e onde estamos?<\/div>\n\t\t\t\t\t\t\t\t\t<div id=\"elementor-tab-title-8822\" class=\"elementor-tab-title elementor-tab-desktop-title\" aria-selected=\"false\" data-tab=\"2\" role=\"tab\" tabindex=\"-1\" aria-controls=\"elementor-tab-content-8822\" aria-expanded=\"false\">O que podemos fazer por si?<\/div>\n\t\t\t\t\t\t\t\t\t<div id=\"elementor-tab-title-8823\" class=\"elementor-tab-title elementor-tab-desktop-title\" aria-selected=\"false\" data-tab=\"3\" role=\"tab\" tabindex=\"-1\" aria-controls=\"elementor-tab-content-8823\" aria-expanded=\"false\">Percursos para a sua qualifica\u00e7\u00e3o<\/div>\n\t\t\t\t\t\t\t\t\t<div id=\"elementor-tab-title-8824\" class=\"elementor-tab-title elementor-tab-desktop-title\" aria-selected=\"false\" data-tab=\"4\" role=\"tab\" tabindex=\"-1\" aria-controls=\"elementor-tab-content-8824\" aria-expanded=\"false\">Recursos humanos<\/div>\n\t\t\t\t\t\t\t\t\t<div id=\"elementor-tab-title-8825\" class=\"elementor-tab-title elementor-tab-desktop-title\" aria-selected=\"false\" data-tab=\"5\" role=\"tab\" tabindex=\"-1\" aria-controls=\"elementor-tab-content-8825\" aria-expanded=\"false\">Instala\u00e7\u00f5es e Equipamentos<\/div>\n\t\t\t\t\t\t\t\t\t<div id=\"elementor-tab-title-8826\" class=\"elementor-tab-title elementor-tab-desktop-title\" aria-selected=\"false\" data-tab=\"6\" role=\"tab\" tabindex=\"-1\" aria-controls=\"elementor-tab-content-8826\" aria-expanded=\"false\">Fichas de Opera\u00e7\u00e3o<\/div>\n\t\t\t\t\t\t\t<\/div>\n\t\t\t<div class=\"elementor-tabs-content-wrapper\" role=\"tablist\" aria-orientation=\"vertical\">\n\t\t\t\t\t\t\t\t\t<div class=\"elementor-tab-title elementor-tab-mobile-title\" aria-selected=\"true\" data-tab=\"1\" role=\"tab\" tabindex=\"0\" aria-controls=\"elementor-tab-content-8821\" aria-expanded=\"false\">Quem somos e onde estamos?<\/div>\n\t\t\t\t\t<div id=\"elementor-tab-content-8821\" class=\"elementor-tab-content elementor-clearfix\" data-tab=\"1\" role=\"tabpanel\" aria-labelledby=\"elementor-tab-title-8821\" tabindex=\"0\" hidden=\"false\"><h3><span style=\"color: #008000;\"><strong>O In\u00edcio<\/strong><\/span><\/h3>\nO Centro Qualifica\u00a0 de Serpa foi criado em maio de 2020, nos termos do <a href=\"https:\/\/www.ae2serpa.pt\/wp-content\/uploads\/2021\/08\/Despacho-5182_2020-Criacao-CQ.pdf\" target=\"_blank\" rel=\"noopener\">Despacho n.\u00ba 5182\/2020<\/a>, tendo entrado em funcionamento a 1 de setembro de 2020.<p><\/p>\n\nO Centro Qualifica foi inaugurado em 14 de outubro, com a honrosa presen\u00e7a do Sr. Secret\u00e1rio\u00a0 de Estado Adjunto e da Educa\u00e7\u00e3o, Prof. Jo\u00e3o Costa, e da Presidente da ANQEP, Dra. Filipa de Jesus.<p><\/p>\n\nTamb\u00e9m participaram na cerim\u00f3nia simb\u00f3lica de inaugura\u00e7\u00e3o, um largo conjunto de dignat\u00e1rios locais, regionais e parceiros.<p><\/p>\n\n<style>\ntable, th, td {<br \/>  border: 0px solid black;<br \/>}<br \/>table.center {<br \/>  margin-left: auto;<br \/>  margin-right: auto;<br \/>}<br \/><\/style>\n<table class=\"center\">\n<tbody>\n<tr>\n<td><rowspan=1><img loading=\"lazy\" decoding=\"async\" class=\"alignnone size-thumbnail wp-image-1692\" src=\"https:\/\/www.ae2serpa.pt\/wp-content\/uploads\/2021\/08\/CQ1_1-150x150.jpg\" alt=\"\" width=\"150\" height=\"150\" \/><\/td>\n<td><rowspan=1><img loading=\"lazy\" decoding=\"async\" class=\"alignnone size-thumbnail wp-image-1693\" src=\"https:\/\/www.ae2serpa.pt\/wp-content\/uploads\/2021\/08\/CQ1_2-150x150.jpg\" alt=\"\" width=\"150\" height=\"150\" \/><\/td>\n<td><rowspan=1><img loading=\"lazy\" decoding=\"async\" class=\"alignnone size-thumbnail wp-image-1695\" src=\"https:\/\/www.ae2serpa.pt\/wp-content\/uploads\/2021\/08\/CQ2_2-150x150.jpg\" alt=\"\" width=\"150\" height=\"150\" \/><\/td>\n<td><rowspan=1><img loading=\"lazy\" decoding=\"async\" class=\"alignnone size-thumbnail wp-image-1694\" src=\"https:\/\/www.ae2serpa.pt\/wp-content\/uploads\/2021\/08\/CQ2_1-150x150.jpg\" alt=\"\" width=\"150\" height=\"150\" \/><\/td>\n<\/tr>\n<\/tbody>\n<\/table>\nO que foi dito nos meios de comunica\u00e7\u00e3o social:\n<ul>\n \t<li><a href=\"http:\/\/www.planicie.pt\/2020\/10\/15\/centro-qualifica-inaugurado-em-serpa\/\" target=\"_blank\" rel=\"noopener\">A Plan\u00edcie<\/a><\/li>\n \t<li><a href=\"https:\/\/odigital.sapo.pt\/serpa-voltou-a-ter-formacao-para-adultos-tem-a-partir-de-agora-um-centro-qualifica-c-fotos\/\" target=\"_blank\" rel=\"noopener\">O Digital<\/a><\/li>\n \t<li><a href=\"https:\/\/pt.calameo.com\/read\/000942915ff8fed17d99e\" target=\"_blank\" rel=\"noopener\">Serpa Informa\u00e7\u00e3o (e-jornal)<\/a><\/li>\n<\/ul>\n<h3><span style=\"color: #008000;\"><strong>Onde e como nos encontra?<\/strong><\/span><\/h3>\n<p style=\"text-align: left;\">O Centro Qualifica est\u00e1 sedeado na Escola Secund\u00e1ria de Serpa (atendimento no Bloco A, junto aos Servi\u00e7os Administrativos).\n<small><BR><b>Morada: Rua Jos\u00e9 Maria da Gra\u00e7a Affreixo, s\/n.\u00ba | 7830-358 Serpa<\/b><\/small><\/p>\nPode contactar-nos presencialmente (com marca\u00e7\u00e3o sempre que poss\u00edvel), por via telef\u00f3nica (tel. 284540200), ou atrav\u00e9s de qualquer um dos nossos e-mails de contacto:\n<p style=\"text-align: center;\">centroqualifica.serpa@ae2serpa.pt\u00a0 |\u00a0 a2serpa@centroqualifica.gov.pt<\/p>\nPode encontrar-nos nas redes sociais, em <a href=\"https:\/\/www.facebook.com\/CQSerpa\" target=\"_blank\" rel=\"noopener\">https:\/\/www.facebook.com\/CQSerpa<\/a>\n<p><\/p>\n<h3><span style=\"color: #008000;\"><strong>Quem deve contactar?<\/strong><\/span><\/h3>\nCarlos Moreira: Coordenador<br>\nArmindo Mendes: T\u00e9cnico ORVC<br>\nLeonor Monge: T\u00e9cnica ORVC<\/div>\n\t\t\t\t\t\t\t\t\t<div class=\"elementor-tab-title elementor-tab-mobile-title\" aria-selected=\"false\" data-tab=\"2\" role=\"tab\" tabindex=\"-1\" aria-controls=\"elementor-tab-content-8822\" aria-expanded=\"false\">O que podemos fazer por si?<\/div>\n\t\t\t\t\t<div id=\"elementor-tab-content-8822\" class=\"elementor-tab-content elementor-clearfix\" data-tab=\"2\" role=\"tabpanel\" aria-labelledby=\"elementor-tab-title-8822\" tabindex=\"0\" hidden=\"hidden\"><h3 style=\"text-align: left;\"><span style=\"color: #008000;\">O que fazemos?<\/span><\/h3><p><strong>\u00c9 fun\u00e7\u00e3o do Centro Qualifica:<\/strong> Melhorar os n\u00edveis de qualifica\u00e7\u00e3o e a empregabilidade de adultos e jovens adultos, ativos ou inativos, em articula\u00e7\u00e3o com empregadores e institui\u00e7\u00f5es e entidades formadoras.<\/p><p>Com a finalidade referida, \u00e9 nossa\u00a0 obriga\u00e7\u00e3o desenvolver a\u00e7\u00f5es de sensibiliza\u00e7\u00e3o junto da comunidade, tendo por objetivo: sinalizar p\u00fablicos potenciais; proceder \u00e0 sua inscri\u00e7\u00e3o no Sistema Integrado de Gest\u00e3o da Oferta (SIGO); proceder ao levantamento das necessidades de forma\u00e7\u00e3o de empregadores e\/ou formandos, garantindo a sua qualifica\u00e7\u00e3o\/forma\u00e7\u00e3o (no \u00e2mbito de processos RVCC), ou o encaminhamento para entidades formadoras parceiras.<\/p><hr \/><h3><span style=\"color: #008000;\">O processo<\/span><\/h3><p>Os processos de forma\u00e7\u00e3o, e\/ou qualifica\u00e7\u00e3o, envolvem o Centro Qualifica atrav\u00e9s dos seus T\u00e9cnicos de ORVC e formadores, podendo envolver empregadores, formadores externos (de entidades formadoras parceiras) e outros Centros Qualifica, desenvolvendo-se em diversas fases sequenciais.<\/p><p style=\"text-align: center;\"><img loading=\"lazy\" decoding=\"async\" class=\"aligncenter size-full wp-image-1780\" src=\"https:\/\/www.ae2serpa.pt\/wp-content\/uploads\/2021\/08\/Processo_CQ_sfundo.png\" alt=\"\" width=\"767\" height=\"915\" srcset=\"https:\/\/www.ae2serpa.pt\/wp-content\/uploads\/2021\/08\/Processo_CQ_sfundo.png 767w, https:\/\/www.ae2serpa.pt\/wp-content\/uploads\/2021\/08\/Processo_CQ_sfundo-251x300.png 251w\" sizes=\"(max-width: 767px) 100vw, 767px\" \/><\/p><\/div>\n\t\t\t\t\t\t\t\t\t<div class=\"elementor-tab-title elementor-tab-mobile-title\" aria-selected=\"false\" data-tab=\"3\" role=\"tab\" tabindex=\"-1\" aria-controls=\"elementor-tab-content-8823\" aria-expanded=\"false\">Percursos para a sua qualifica\u00e7\u00e3o<\/div>\n\t\t\t\t\t<div id=\"elementor-tab-content-8823\" class=\"elementor-tab-content elementor-clearfix\" data-tab=\"3\" role=\"tabpanel\" aria-labelledby=\"elementor-tab-title-8823\" tabindex=\"0\" hidden=\"hidden\"><h3><span style=\"color: #008000;\">A nossa oferta<\/span><\/h3><p>O nosso principal compromisso \u00e9 consigo. Para isso dispomos de uma oferta diversificada, que ajustamos \u00e0 sua necessidade de qualifica\u00e7\u00e3o e de forma\u00e7\u00e3o, e \u00e0 necessidade do seu empregador (quando \u00e9 o caso).<\/p><h4><span style=\"color: #008000;\">Percursos para sua habilita\u00e7\u00e3o escolar<\/span><\/h4><ul><li><b>Cursos EFA, Secund\u00e1rio:<\/b> \u00e9 uma oferta principalmente destinada a adultos e jovens adultos com percursos de ensino incompletos. Estes percursos s\u00e3o diferenciados e individualizados, dependendo das habilita\u00e7\u00f5es de entrada, sendo a dura\u00e7\u00e3o do percurso tanto menor quanto maior for o \u00faltimo ano de escolaridade que concluiu (<a href=\"https:\/\/www.ae2serpa.pt\/wp-content\/uploads\/2021\/08\/EFA_S.pdf\" target=\"_blank\" rel=\"noopener\">descarregue o nosso desdobr\u00e1vel<\/a>).<br \/>Este percurso tem uma dura\u00e7\u00e3o que pode oscilar entre os 6 meses a 18 meses (dependendo da habilita\u00e7\u00e3o de entrada)<br \/><h6><span style=\"color: #333300;\">Situa\u00e7\u00e3o atualizada: Funcionamento autorizado e com inscri\u00e7\u00f5es a decorrer.<\/span><\/h6><\/li><li><b>Curso Secund\u00e1rio do Ensino Recorrente por M\u00f3dulos Capitaliz\u00e1veis (em modalidade n\u00e3o presencial):<\/b> esta \u00e9 uma oferta prioritariamente destinada a candidatos dos Cursos Cient\u00edfico-Human\u00edsticos com uma ou algumas disciplinas n\u00e3o conclu\u00eddas. Desenvolve-se de forma aut\u00f3noma,\u00a0 prestando a escola apoios semanais (de forma presencial e\/ou n\u00e3o presencial), atrav\u00e9s do Centro de Apoio.<br \/>A dura\u00e7\u00e3o deste percurso, normalmente, pode variar entre 3 meses a um ano.<br \/><h6><span style=\"color: #333300;\">Situa\u00e7\u00e3o atualizada: Funcionamento autorizado e com inscri\u00e7\u00f5es a decorrer.<\/span><\/h6><\/li><li><b>Conclus\u00e3o de Plano Curriculares Extintos (DL 357\/2007):<\/b> esta oferta, como a pr\u00f3pria designa\u00e7\u00e3o indica, \u00e9 destinada a adultos com percursos incompletos, de cujos cursos\/planos de estudos j\u00e1 se encontram extintos. A qualifica\u00e7\u00e3o \u00e9 obtida, ap\u00f3s a an\u00e1lise do percurso curricular do candidato, pela frequ\u00eancia de um conjunto de horas nas Unidades de Compet\u00eancia dos EFA-S, ou (no caso de cursos qualificantes &#8211; profissionais\/vocacionais) de Unidades de Forma\u00e7\u00e3o de Curta Dura\u00e7\u00e3o (UFCD) de \u00e1rea t\u00e9cnica ou tecnol\u00f3gica.<br \/>A dura\u00e7\u00e3o do percurso depende do percurso anterior do candidato, podendo variar entre 1 m\u00eas a 1 ano.<br \/><h6><span style=\"color: #333300;\">Situa\u00e7\u00e3o atualizada: Funcionamento autorizado, em conjuga\u00e7\u00e3o com a oferta EFA-S<\/span><\/h6><\/li><li><b>RVCC, Escolar:<\/b> Esta oferta \u00e9 destinada preferencialmente a adultos ativos com experi\u00eancia de vida e\/ou experi\u00eancia profissional, e que pretendam obter a sua certifica\u00e7\u00e3o escolar a partir da reconhecimento do seu percurso de vida e da valida\u00e7\u00e3o das compet\u00eancias obtidas e\/ou desenvolvidas nesse contexto. Esta oferta existe tamb\u00e9m na sua vertente de dupla certifica\u00e7\u00e3o (escolar e profissional).<br \/>A dura\u00e7\u00e3o deste percurso tem como refer\u00eancia, em termos aproximados, 3 meses a 1 ano.<br \/><h6><span style=\"color: #333300;\">Situa\u00e7\u00e3o atualizada: Funcionamento autorizado e com inscri\u00e7\u00f5es a decorrer.<\/span><\/h6><\/li><\/ul><h4><span style=\"font-family: 'Open Sans'; color: #008000;\">Percursos para a sua habilita\u00e7\u00e3o profissional<\/span><\/h4><ul><li>\u00a0<b>Cursos EFA, Profissional<\/b>: Esta oferta, destina-se a adultos nas condi\u00e7\u00f5es da oferta escolar cong\u00e9nere, mas tendo como finalidade a obten\u00e7\u00e3o de uma qualifica\u00e7\u00e3o profissional, que \u00e9 normalmente conjugada com a obten\u00e7\u00e3o da qualifica\u00e7\u00e3o escolar (dupla certifica\u00e7\u00e3o).<br \/>A dura\u00e7\u00e3o de refer\u00eancia, embora pr\u00f3xima da da cong\u00e9nere escolar, poder\u00e1 ser mais dilatada no tempo, dependendo do perfil do candidato, \u00e0 entrada.<br \/><h6><span style=\"color: #333300;\">Situa\u00e7\u00e3o atualizada: Autoriza\u00e7\u00e3o dependente da inscri\u00e7\u00e3o de candidatos.<\/span><\/h6><\/li><li><b>RVCC, Profissional:<\/b> Esta oferta destina-se a adultos que desejem ver reconhecidas e certificadas as suas compet\u00eancias profissionais. Sendo desejo do candidato, \u00e9 poss\u00edvel a articula\u00e7\u00e3o para obten\u00e7\u00e3o adicional de qualifica\u00e7\u00e3o escolar.<br \/>A dura\u00e7\u00e3o de refer\u00eancia, embora pr\u00f3xima da da cong\u00e9nere escolar, poder\u00e1 ser mais dilatada no tempo, dependendo do perfil e experi\u00eancia do candidato, \u00e0 entrada.<br \/><h6><span style=\"color: #333300;\">Situa\u00e7\u00e3o atualizada: Funcionamento autorizado e com inscri\u00e7\u00f5es a decorrer.<\/span><\/h6><\/li><\/ul><h4><span style=\"color: #008000;\">Outras ofertas formativas<\/span><\/h4><div><p>\u00a0O conjunto de ofertas seguintes pode ser articulado com algumas das restantes (acima apresentadas), podendo tamb\u00e9m ser implementadas de forma aut\u00f3noma, ou supletiva, ao processo de qualifica\u00e7\u00e3o.<\/p><ul><li><span style=\"font-family: 'Open Sans'; color: var( --e-global-color-text );\"><b>Portugu\u00eas L\u00edngua de Acolhimento (n\u00edveis A1+A2 e n\u00edvel B1):<\/b><\/span><span style=\"font-family: 'Open Sans'; color: var( --e-global-color-text ); font-weight: var( --e-global-typography-text-font-weight );\"><span style=\"font-family: 'Open Sans'; color: var( --e-global-color-text ); font-weight: var( --e-global-typography-text-font-weight );\"><span style=\"font-family: 'Open Sans'; color: var( --e-global-color-text ); font-weight: var( --e-global-typography-text-font-weight );\"> Esta \u00e9 uma oferta destinada a estrageiros, residentes ou com pretens\u00e3o a residir e trabalhar em Portugal. Neste momento temos autorizado o funcionamento dos n\u00edveis A1+A2, que correspondem a n\u00edveis de inicia\u00e7\u00e3o, e o n\u00edvel B1, que corresponde ao n\u00edvel interm\u00e9dio baixo.<\/span><\/span><\/span><br \/><h6><a href=\"https:\/\/www.ae2serpa.pt\/wp-content\/uploads\/2021\/08\/PLA.pdf\" target=\"_blank\" rel=\"noopener\">(descarregue aqui os nossos desdobr\u00e1veis informativos)<\/a><\/h6><\/li><li><span style=\"font-family: 'Open Sans'; color: var( --e-global-color-text );\"><b>Forma\u00e7\u00f5es Modulares Certificadas:<\/b><\/span><span style=\"font-family: 'Open Sans'; color: var( --e-global-color-text ); font-weight: var( --e-global-typography-text-font-weight );\"> S\u00e3o Unidades de Forma\u00e7\u00e3o de Curta Dura\u00e7\u00e3o (25h a 50h). Temos autorizado o funcionamento imediato das seguintes:<\/span><ul><li><span style=\"font-family: 'Open Sans'; color: var( --e-global-color-text ); font-weight: var( --e-global-typography-text-font-weight );\"><a href=\"https:\/\/www.ae2serpa.pt\/wp-content\/uploads\/2021\/08\/FMC_ING.pdf\" target=\"_blank\" rel=\"noopener\">0658<\/a>: L\u00edngua inglesa &#8211; Comunica\u00e7\u00e3o administrativa (50h)<\/span><\/li><li><span style=\"font-family: 'Open Sans'; color: var( --e-global-color-text ); font-weight: var( --e-global-typography-text-font-weight );\"><a href=\"https:\/\/www.ae2serpa.pt\/wp-content\/uploads\/2021\/08\/FMC_ING.pdf\" target=\"_blank\" rel=\"noopener\">0659<\/a>: L\u00edngua inglesa &#8211; Documenta\u00e7\u00e3o comercial (50h)<\/span><\/li><li><span style=\"font-family: 'Open Sans'; color: var( --e-global-color-text ); font-weight: var( --e-global-typography-text-font-weight );\"><a href=\"https:\/\/www.ae2serpa.pt\/wp-content\/uploads\/2021\/08\/FMC_LD.pdf\" target=\"_blank\" rel=\"noopener\">10526<\/a>: Literacia Digital &#8211; Inicia\u00e7\u00e3o (25h)<\/span><\/li><li><a href=\"https:\/\/www.ae2serpa.pt\/wp-content\/uploads\/2021\/08\/FMC_INF.pdf\" target=\"_blank\" rel=\"noopener\">7846<\/a>: Inform\u00e1tica &#8211; No\u00e7\u00f5es B\u00e1sicas (50h)<\/li><li><a href=\"https:\/\/www.ae2serpa.pt\/wp-content\/uploads\/2021\/08\/FMC_INF.pdf\" target=\"_blank\" rel=\"noopener\">0788<\/a>: Folha de C\u00e1lculo (50h)<br \/><h6>(descarregue acima os nossos desdobr\u00e1veis informativos)<\/h6><\/li><\/ul><\/li><\/ul><\/div><\/div>\n\t\t\t\t\t\t\t\t\t<div class=\"elementor-tab-title elementor-tab-mobile-title\" aria-selected=\"false\" data-tab=\"4\" role=\"tab\" tabindex=\"-1\" aria-controls=\"elementor-tab-content-8824\" aria-expanded=\"false\">Recursos humanos<\/div>\n\t\t\t\t\t<div id=\"elementor-tab-content-8824\" class=\"elementor-tab-content elementor-clearfix\" data-tab=\"4\" role=\"tabpanel\" aria-labelledby=\"elementor-tab-title-8824\" tabindex=\"0\" hidden=\"hidden\"><p>Nesta \u00e1rea consta a rela\u00e7\u00e3o de professores\/formadores a exercer fun\u00e7\u00f5es no Centro Qualifica.<\/p><p>Esta informa\u00e7\u00e3o ser\u00e1 atualizada logo que poss\u00edvel.<\/p><\/div>\n\t\t\t\t\t\t\t\t\t<div class=\"elementor-tab-title elementor-tab-mobile-title\" aria-selected=\"false\" data-tab=\"5\" role=\"tab\" tabindex=\"-1\" aria-controls=\"elementor-tab-content-8825\" aria-expanded=\"false\">Instala\u00e7\u00f5es e Equipamentos<\/div>\n\t\t\t\t\t<div id=\"elementor-tab-content-8825\" class=\"elementor-tab-content elementor-clearfix\" data-tab=\"5\" role=\"tabpanel\" aria-labelledby=\"elementor-tab-title-8825\" tabindex=\"0\" hidden=\"hidden\"><p><a href=\"https:\/\/www.ae2serpa.pt\/wp-content\/uploads\/2023\/04\/Instalacoes-CQSerpa.pdf\">PDF s\u00edntese<\/a> das instala\u00e7\u00f5es afetas ao Centro Qualifica do Agrupamento de Escolas n.\u00ba 2 de Serpa.<\/p><\/div>\n\t\t\t\t\t\t\t\t\t<div class=\"elementor-tab-title elementor-tab-mobile-title\" aria-selected=\"false\" data-tab=\"6\" role=\"tab\" tabindex=\"-1\" aria-controls=\"elementor-tab-content-8826\" aria-expanded=\"false\">Fichas de Opera\u00e7\u00e3o<\/div>\n\t\t\t\t\t<div id=\"elementor-tab-content-8826\" class=\"elementor-tab-content elementor-clearfix\" data-tab=\"6\" role=\"tabpanel\" aria-labelledby=\"elementor-tab-title-8826\" tabindex=\"0\" hidden=\"hidden\"><p><a href=\"https:\/\/www.ae2serpa.pt\/wp-content\/uploads\/2025\/03\/Ficha-de-Operacao-_-CQ.pdf\"><img loading=\"lazy\" decoding=\"async\" class=\"aligncenter wp-image-8980 size-large\" src=\"https:\/\/www.ae2serpa.pt\/wp-content\/uploads\/2025\/03\/Ficha-de-Operacao-_-CQ-724x1024.png\" alt=\"\" width=\"696\" height=\"984\" \/><\/a><\/p><\/div>\n\t\t\t\t\t\t\t<\/div>\n\t\t<\/div>\n\t\t\t\t<\/div>\n\t\t\t\t<\/div>\n\t\t\t\t\t<\/div>\n\t\t<\/div>\n\t\t\t\t\t\t\t<\/div>\n\t\t<\/section>\n\t\t\t\t\t\t\t<\/div>\n\t\t","protected":false},"excerpt":{"rendered":"<p>Quem somos e onde estamos? O que podemos fazer por si? Percursos para a sua qualifica\u00e7\u00e3o Recursos humanos Instala\u00e7\u00f5es e Equipamentos Fichas de Opera\u00e7\u00e3o Quem somos e onde estamos? O In\u00edcio O Centro Qualifica\u00a0 de Serpa foi criado em maio de 2020, nos termos do Despacho n.\u00ba 5182\/2020, tendo entrado em funcionamento a 1 de [&hellip;]<\/p>\n","protected":false},"author":4,"featured_media":0,"parent":0,"menu_order":0,"comment_status":"closed","ping_status":"closed","template":"","meta":{"footnotes":""},"yoast_head":"<!-- This site is optimized with the Yoast SEO plugin v22.8 - https:\/\/yoast.com\/wordpress\/plugins\/seo\/ -->\n<title>CENTRO QUALIFICA - Agrupamento de Escolas n.\u00ba 2 de Serpa<\/title>\n<meta name=\"description\" content=\"P\u00e1gina dedicada \u00e0 divulga\u00e7\u00e3o da oferta do Centro Qualifica do AE2 de Serpa: Forma\u00e7\u00e3o | Orienta\u00e7\u00e3o | Qualifica\u00e7\u00e3o | Adultos.\" \/>\n<meta name=\"robots\" content=\"index, follow, max-snippet:-1, max-image-preview:large, max-video-preview:-1\" \/>\n<link rel=\"canonical\" href=\"https:\/\/www.ae2serpa.pt\/index.php\/centro-qualifica\/\" \/>\n<meta property=\"og:locale\" content=\"pt_PT\" \/>\n<meta property=\"og:type\" content=\"article\" \/>\n<meta property=\"og:title\" content=\"CENTRO QUALIFICA - Agrupamento de Escolas n.\u00ba 2 de Serpa\" \/>\n<meta property=\"og:description\" content=\"P\u00e1gina dedicada \u00e0 divulga\u00e7\u00e3o da oferta do Centro Qualifica do AE2 de Serpa: Forma\u00e7\u00e3o | Orienta\u00e7\u00e3o | Qualifica\u00e7\u00e3o | Adultos.\" \/>\n<meta property=\"og:url\" content=\"https:\/\/www.ae2serpa.pt\/index.php\/centro-qualifica\/\" \/>\n<meta property=\"og:site_name\" content=\"Agrupamento de Escolas n.\u00ba 2 de Serpa\" \/>\n<meta property=\"article:publisher\" content=\"https:\/\/www.facebook.com\/AE2Serpa\/\" \/>\n<meta property=\"article:modified_time\" content=\"2025-03-13T14:40:01+00:00\" \/>\n<meta property=\"og:image\" content=\"https:\/\/www.ae2serpa.pt\/wp-content\/uploads\/2021\/08\/3_Branco.png\" \/>\n<meta name=\"twitter:card\" content=\"summary_large_image\" \/>\n<meta name=\"twitter:site\" content=\"@ae2serpa\" \/>\n<meta name=\"twitter:label1\" content=\"Tempo estimado de leitura\" \/>\n\t<meta name=\"twitter:data1\" content=\"6 minutos\" \/>\n<script type=\"application\/ld+json\" class=\"yoast-schema-graph\">{\"@context\":\"https:\/\/schema.org\",\"@graph\":[{\"@type\":\"WebPage\",\"@id\":\"https:\/\/www.ae2serpa.pt\/index.php\/centro-qualifica\/\",\"url\":\"https:\/\/www.ae2serpa.pt\/index.php\/centro-qualifica\/\",\"name\":\"CENTRO QUALIFICA - Agrupamento de Escolas n.\u00ba 2 de Serpa\",\"isPartOf\":{\"@id\":\"https:\/\/www.ae2serpa.pt\/#website\"},\"primaryImageOfPage\":{\"@id\":\"https:\/\/www.ae2serpa.pt\/index.php\/centro-qualifica\/#primaryimage\"},\"image\":{\"@id\":\"https:\/\/www.ae2serpa.pt\/index.php\/centro-qualifica\/#primaryimage\"},\"thumbnailUrl\":\"https:\/\/www.ae2serpa.pt\/wp-content\/uploads\/2021\/08\/3_Branco.png\",\"datePublished\":\"2021-07-25T00:38:34+00:00\",\"dateModified\":\"2025-03-13T14:40:01+00:00\",\"description\":\"P\u00e1gina dedicada \u00e0 divulga\u00e7\u00e3o da oferta do Centro Qualifica do AE2 de Serpa: Forma\u00e7\u00e3o | Orienta\u00e7\u00e3o | Qualifica\u00e7\u00e3o | Adultos.\",\"breadcrumb\":{\"@id\":\"https:\/\/www.ae2serpa.pt\/index.php\/centro-qualifica\/#breadcrumb\"},\"inLanguage\":\"pt-PT\",\"potentialAction\":[{\"@type\":\"ReadAction\",\"target\":[\"https:\/\/www.ae2serpa.pt\/index.php\/centro-qualifica\/\"]}]},{\"@type\":\"ImageObject\",\"inLanguage\":\"pt-PT\",\"@id\":\"https:\/\/www.ae2serpa.pt\/index.php\/centro-qualifica\/#primaryimage\",\"url\":\"https:\/\/www.ae2serpa.pt\/wp-content\/uploads\/2021\/08\/3_Branco.png\",\"contentUrl\":\"https:\/\/www.ae2serpa.pt\/wp-content\/uploads\/2021\/08\/3_Branco.png\",\"width\":1500,\"height\":1500,\"caption\":\"CQ.AE2Serpa_Logo\"},{\"@type\":\"BreadcrumbList\",\"@id\":\"https:\/\/www.ae2serpa.pt\/index.php\/centro-qualifica\/#breadcrumb\",\"itemListElement\":[{\"@type\":\"ListItem\",\"position\":1,\"name\":\"In\u00edcio\",\"item\":\"https:\/\/www.ae2serpa.pt\/\"},{\"@type\":\"ListItem\",\"position\":2,\"name\":\"CENTRO QUALIFICA\"}]},{\"@type\":\"WebSite\",\"@id\":\"https:\/\/www.ae2serpa.pt\/#website\",\"url\":\"https:\/\/www.ae2serpa.pt\/\",\"name\":\"AGRUPAMENTO DE ESCOLAS N.\u00ba 2 DE SERPA\",\"description\":\"Agrupamento de Escolas n.\u00ba 2 de Serpa\",\"publisher\":{\"@id\":\"https:\/\/www.ae2serpa.pt\/#organization\"},\"potentialAction\":[{\"@type\":\"SearchAction\",\"target\":{\"@type\":\"EntryPoint\",\"urlTemplate\":\"https:\/\/www.ae2serpa.pt\/?s={search_term_string}\"},\"query-input\":\"required name=search_term_string\"}],\"inLanguage\":\"pt-PT\"},{\"@type\":\"Organization\",\"@id\":\"https:\/\/www.ae2serpa.pt\/#organization\",\"name\":\"AGRUMANENTO DE ESOLAS N.\u00ba 2 DE SERPA\",\"url\":\"https:\/\/www.ae2serpa.pt\/\",\"logo\":{\"@type\":\"ImageObject\",\"inLanguage\":\"pt-PT\",\"@id\":\"https:\/\/www.ae2serpa.pt\/#\/schema\/logo\/image\/\",\"url\":\"https:\/\/www.ae2serpa.pt\/wp-content\/uploads\/2021\/07\/AE2Serpa_LogoNovo-e1627067148639.png\",\"contentUrl\":\"https:\/\/www.ae2serpa.pt\/wp-content\/uploads\/2021\/07\/AE2Serpa_LogoNovo-e1627067148639.png\",\"width\":250,\"height\":149,\"caption\":\"AGRUMANENTO DE ESOLAS N.\u00ba 2 DE SERPA\"},\"image\":{\"@id\":\"https:\/\/www.ae2serpa.pt\/#\/schema\/logo\/image\/\"},\"sameAs\":[\"https:\/\/www.facebook.com\/AE2Serpa\/\",\"https:\/\/x.com\/ae2serpa\",\"https:\/\/www.instagram.com\/agresc2serpa\/\"]}]}<\/script>\n<!-- \/ Yoast SEO plugin. -->","yoast_head_json":{"title":"CENTRO QUALIFICA - Agrupamento de Escolas n.\u00ba 2 de Serpa","description":"P\u00e1gina dedicada \u00e0 divulga\u00e7\u00e3o da oferta do Centro Qualifica do AE2 de Serpa: Forma\u00e7\u00e3o | Orienta\u00e7\u00e3o | Qualifica\u00e7\u00e3o | Adultos.","robots":{"index":"index","follow":"follow","max-snippet":"max-snippet:-1","max-image-preview":"max-image-preview:large","max-video-preview":"max-video-preview:-1"},"canonical":"https:\/\/www.ae2serpa.pt\/index.php\/centro-qualifica\/","og_locale":"pt_PT","og_type":"article","og_title":"CENTRO QUALIFICA - Agrupamento de Escolas n.\u00ba 2 de Serpa","og_description":"P\u00e1gina dedicada \u00e0 divulga\u00e7\u00e3o da oferta do Centro Qualifica do AE2 de Serpa: Forma\u00e7\u00e3o | Orienta\u00e7\u00e3o | Qualifica\u00e7\u00e3o | Adultos.","og_url":"https:\/\/www.ae2serpa.pt\/index.php\/centro-qualifica\/","og_site_name":"Agrupamento de Escolas n.\u00ba 2 de Serpa","article_publisher":"https:\/\/www.facebook.com\/AE2Serpa\/","article_modified_time":"2025-03-13T14:40:01+00:00","og_image":[{"url":"https:\/\/www.ae2serpa.pt\/wp-content\/uploads\/2021\/08\/3_Branco.png"}],"twitter_card":"summary_large_image","twitter_site":"@ae2serpa","twitter_misc":{"Tempo estimado de leitura":"6 minutos"},"schema":{"@context":"https:\/\/schema.org","@graph":[{"@type":"WebPage","@id":"https:\/\/www.ae2serpa.pt\/index.php\/centro-qualifica\/","url":"https:\/\/www.ae2serpa.pt\/index.php\/centro-qualifica\/","name":"CENTRO QUALIFICA - Agrupamento de Escolas n.\u00ba 2 de Serpa","isPartOf":{"@id":"https:\/\/www.ae2serpa.pt\/#website"},"primaryImageOfPage":{"@id":"https:\/\/www.ae2serpa.pt\/index.php\/centro-qualifica\/#primaryimage"},"image":{"@id":"https:\/\/www.ae2serpa.pt\/index.php\/centro-qualifica\/#primaryimage"},"thumbnailUrl":"https:\/\/www.ae2serpa.pt\/wp-content\/uploads\/2021\/08\/3_Branco.png","datePublished":"2021-07-25T00:38:34+00:00","dateModified":"2025-03-13T14:40:01+00:00","description":"P\u00e1gina dedicada \u00e0 divulga\u00e7\u00e3o da oferta do Centro Qualifica do AE2 de Serpa: Forma\u00e7\u00e3o | Orienta\u00e7\u00e3o | Qualifica\u00e7\u00e3o | Adultos.","breadcrumb":{"@id":"https:\/\/www.ae2serpa.pt\/index.php\/centro-qualifica\/#breadcrumb"},"inLanguage":"pt-PT","potentialAction":[{"@type":"ReadAction","target":["https:\/\/www.ae2serpa.pt\/index.php\/centro-qualifica\/"]}]},{"@type":"ImageObject","inLanguage":"pt-PT","@id":"https:\/\/www.ae2serpa.pt\/index.php\/centro-qualifica\/#primaryimage","url":"https:\/\/www.ae2serpa.pt\/wp-content\/uploads\/2021\/08\/3_Branco.png","contentUrl":"https:\/\/www.ae2serpa.pt\/wp-content\/uploads\/2021\/08\/3_Branco.png","width":1500,"height":1500,"caption":"CQ.AE2Serpa_Logo"},{"@type":"BreadcrumbList","@id":"https:\/\/www.ae2serpa.pt\/index.php\/centro-qualifica\/#breadcrumb","itemListElement":[{"@type":"ListItem","position":1,"name":"In\u00edcio","item":"https:\/\/www.ae2serpa.pt\/"},{"@type":"ListItem","position":2,"name":"CENTRO QUALIFICA"}]},{"@type":"WebSite","@id":"https:\/\/www.ae2serpa.pt\/#website","url":"https:\/\/www.ae2serpa.pt\/","name":"AGRUPAMENTO DE ESCOLAS N.\u00ba 2 DE SERPA","description":"Agrupamento de Escolas n.\u00ba 2 de Serpa","publisher":{"@id":"https:\/\/www.ae2serpa.pt\/#organization"},"potentialAction":[{"@type":"SearchAction","target":{"@type":"EntryPoint","urlTemplate":"https:\/\/www.ae2serpa.pt\/?s={search_term_string}"},"query-input":"required name=search_term_string"}],"inLanguage":"pt-PT"},{"@type":"Organization","@id":"https:\/\/www.ae2serpa.pt\/#organization","name":"AGRUMANENTO DE ESOLAS N.\u00ba 2 DE SERPA","url":"https:\/\/www.ae2serpa.pt\/","logo":{"@type":"ImageObject","inLanguage":"pt-PT","@id":"https:\/\/www.ae2serpa.pt\/#\/schema\/logo\/image\/","url":"https:\/\/www.ae2serpa.pt\/wp-content\/uploads\/2021\/07\/AE2Serpa_LogoNovo-e1627067148639.png","contentUrl":"https:\/\/www.ae2serpa.pt\/wp-content\/uploads\/2021\/07\/AE2Serpa_LogoNovo-e1627067148639.png","width":250,"height":149,"caption":"AGRUMANENTO DE ESOLAS N.\u00ba 2 DE SERPA"},"image":{"@id":"https:\/\/www.ae2serpa.pt\/#\/schema\/logo\/image\/"},"sameAs":["https:\/\/www.facebook.com\/AE2Serpa\/","https:\/\/x.com\/ae2serpa","https:\/\/www.instagram.com\/agresc2serpa\/"]}]}},"_links":{"self":[{"href":"https:\/\/www.ae2serpa.pt\/index.php\/wp-json\/wp\/v2\/pages\/840"}],"collection":[{"href":"https:\/\/www.ae2serpa.pt\/index.php\/wp-json\/wp\/v2\/pages"}],"about":[{"href":"https:\/\/www.ae2serpa.pt\/index.php\/wp-json\/wp\/v2\/types\/page"}],"author":[{"embeddable":true,"href":"https:\/\/www.ae2serpa.pt\/index.php\/wp-json\/wp\/v2\/users\/4"}],"replies":[{"embeddable":true,"href":"https:\/\/www.ae2serpa.pt\/index.php\/wp-json\/wp\/v2\/comments?post=840"}],"version-history":[{"count":178,"href":"https:\/\/www.ae2serpa.pt\/index.php\/wp-json\/wp\/v2\/pages\/840\/revisions"}],"predecessor-version":[{"id":8992,"href":"https:\/\/www.ae2serpa.pt\/index.php\/wp-json\/wp\/v2\/pages\/840\/revisions\/8992"}],"wp:attachment":[{"href":"https:\/\/www.ae2serpa.pt\/index.php\/wp-json\/wp\/v2\/media?parent=840"}],"curies":[{"name":"wp","href":"https:\/\/api.w.org\/{rel}","templated":true}]}}