{"id":603,"date":"2021-07-24T14:12:27","date_gmt":"2021-07-24T14:12:27","guid":{"rendered":"https:\/\/www.ae2serpa.pt\/?page_id=603"},"modified":"2025-12-25T15:51:25","modified_gmt":"2025-12-25T15:51:25","slug":"conselho-pedagogico","status":"publish","type":"page","link":"https:\/\/www.ae2serpa.pt\/index.php\/conselho-pedagogico\/","title":{"rendered":"Conselho Pedag\u00f3gico"},"content":{"rendered":"\t\t<div data-elementor-type=\"wp-page\" data-elementor-id=\"603\" class=\"elementor elementor-603\">\n\t\t\t\t\t\t\t\t\t<section class=\"elementor-section elementor-top-section elementor-element elementor-element-eb3978f elementor-section-boxed elementor-section-height-default elementor-section-height-default\" data-id=\"eb3978f\" data-element_type=\"section\">\n\t\t\t\t\t\t<div class=\"elementor-container elementor-column-gap-default\">\n\t\t\t\t\t<div class=\"elementor-column elementor-col-100 elementor-top-column elementor-element elementor-element-0d7f8a2\" data-id=\"0d7f8a2\" data-element_type=\"column\">\n\t\t\t<div class=\"elementor-widget-wrap elementor-element-populated\">\n\t\t\t\t\t\t\t\t<div class=\"elementor-element elementor-element-c801785 elementor-widget elementor-widget-heading\" data-id=\"c801785\" data-element_type=\"widget\" data-widget_type=\"heading.default\">\n\t\t\t\t<div class=\"elementor-widget-container\">\n\t\t\t<h5 class=\"elementor-heading-title elementor-size-default\">CONSELHO PEDAG\u00d3GICO<\/h5>\t\t<\/div>\n\t\t\t\t<\/div>\n\t\t\t\t<div class=\"elementor-element elementor-element-70c67ec elementor-widget elementor-widget-text-editor\" data-id=\"70c67ec\" data-element_type=\"widget\" data-widget_type=\"text-editor.default\">\n\t\t\t\t<div class=\"elementor-widget-container\">\n\t\t\t\t\t\t\t<p>&#8211; Francisco Manuel C. B. de L\u00e1 F\u00e9ria e Oliveira (Presidente\/Diretor)<br>&#8211; Maria Isabel Veloso Luz F\u00e9lix Lanzinha (Coord. Dep. de L\u00ednguas)<br>&#8211; Lu\u00eds Manuel Violante da Silva Oliveira (Coord. Dep. Ci\u00eancias Soc. e Humanas)<br>&#8211; Sandra Cristina Pinto Duarte Oliveira (Coord. Dep. Express\u00f5es)<br>&#8211; Florbela Isabel Pereira Martins (Coord. Dep. Mat. e Ci\u00eancias Experimentais)<br>&#8211; Isabel Maria M. L. Carvalho Pereira (Coord. Dep. Ed. Pr\u00e9-Escolar)<br>&#8211; Margarida de Jesus Seita Monge (Coord. Dep. 1.\u00ba Ciclo)<br>&#8211; Cristina Ivone Coutinho Camelo Morais Pimenta (Coord. do 2.\u00ba Ciclo)<br>&#8211; Susana Maria Palma Laneiro (Coord. do 3.\u00ba Ciclo)<br>&#8211; Rosa Dulce da Silva Lima Correia Gomes (Coord. do Ensino Secund\u00e1rio)<br>&#8211; Pedro Manuel Ramos Moreira (Professor Bibliotec\u00e1rio)<br>&#8211; Maria Jo\u00e3o B. R. M. Henriques Bras\u00e3o (Coord. N\u00facleos, Clubes e Projetos)<br>&#8211; Ana Maria Moreira Carvalho (Coord. Servi\u00e7os Especializados e de Apoio Educativo)<br>&#8211; Carlos Alberto Castro Moreira (Coord. Centro Qualifica)<br>&#8211; Francisco Borralho Gon\u00e7alves Soares (Coord. N\u00facleo de Forma\u00e7\u00e3o)&nbsp;<\/p>\t\t\t\t\t\t<\/div>\n\t\t\t\t<\/div>\n\t\t\t\t\t<\/div>\n\t\t<\/div>\n\t\t\t\t\t\t\t<\/div>\n\t\t<\/section>\n\t\t\t\t<section class=\"elementor-section elementor-top-section elementor-element elementor-element-c08c795 elementor-section-boxed elementor-section-height-default elementor-section-height-default\" data-id=\"c08c795\" data-element_type=\"section\">\n\t\t\t\t\t\t<div class=\"elementor-container elementor-column-gap-default\">\n\t\t\t\t\t<div class=\"elementor-column elementor-col-50 elementor-top-column elementor-element elementor-element-6cab75a\" data-id=\"6cab75a\" data-element_type=\"column\">\n\t\t\t<div class=\"elementor-widget-wrap elementor-element-populated\">\n\t\t\t\t\t\t\t\t<div class=\"elementor-element elementor-element-ba6c34c elementor-widget elementor-widget-button\" data-id=\"ba6c34c\" data-element_type=\"widget\" data-widget_type=\"button.default\">\n\t\t\t\t<div class=\"elementor-widget-container\">\n\t\t\t\t\t<div class=\"elementor-button-wrapper\">\n\t\t\t<a class=\"elementor-button elementor-button-link elementor-size-xs\" href=\"https:\/\/www.ae2serpa.pt\/index.php\/orgaos-de-gestao-2\/\">\n\t\t\t\t\t\t<span class=\"elementor-button-content-wrapper\">\n\t\t\t\t\t\t<span class=\"elementor-button-text\"><<< Voltar<\/span>\n\t\t<\/span>\n\t\t\t\t\t<\/a>\n\t\t<\/div>\n\t\t\t\t<\/div>\n\t\t\t\t<\/div>\n\t\t\t\t\t<\/div>\n\t\t<\/div>\n\t\t\t\t<div class=\"elementor-column elementor-col-50 elementor-top-column elementor-element elementor-element-3e16292\" data-id=\"3e16292\" data-element_type=\"column\">\n\t\t\t<div class=\"elementor-widget-wrap elementor-element-populated\">\n\t\t\t\t\t\t\t\t<div class=\"elementor-element elementor-element-8b7d612 elementor-align-right elementor-widget elementor-widget-button\" data-id=\"8b7d612\" data-element_type=\"widget\" data-widget_type=\"button.default\">\n\t\t\t\t<div class=\"elementor-widget-container\">\n\t\t\t\t\t<div class=\"elementor-button-wrapper\">\n\t\t\t<a class=\"elementor-button elementor-button-link elementor-size-xs\" href=\"https:\/\/www.ae2serpa.pt\/index.php\/\">\n\t\t\t\t\t\t<span class=\"elementor-button-content-wrapper\">\n\t\t\t\t\t\t<span class=\"elementor-button-text\">In\u00edcio<\/span>\n\t\t<\/span>\n\t\t\t\t\t<\/a>\n\t\t<\/div>\n\t\t\t\t<\/div>\n\t\t\t\t<\/div>\n\t\t\t\t\t<\/div>\n\t\t<\/div>\n\t\t\t\t\t\t\t<\/div>\n\t\t<\/section>\n\t\t\t\t\t\t\t<\/div>\n\t\t","protected":false},"excerpt":{"rendered":"<p>CONSELHO PEDAG\u00d3GICO &#8211; Francisco Manuel C. B. de L\u00e1 F\u00e9ria e Oliveira (Presidente\/Diretor)&#8211; Maria Isabel Veloso Luz F\u00e9lix Lanzinha (Coord. Dep. de L\u00ednguas)&#8211; Lu\u00eds Manuel Violante da Silva Oliveira (Coord. Dep. Ci\u00eancias Soc. e Humanas)&#8211; Sandra Cristina Pinto Duarte Oliveira (Coord. Dep. Express\u00f5es)&#8211; Florbela Isabel Pereira Martins (Coord. Dep. Mat. e Ci\u00eancias Experimentais)&#8211; Isabel Maria [&hellip;]<\/p>\n","protected":false},"author":4,"featured_media":0,"parent":0,"menu_order":0,"comment_status":"closed","ping_status":"closed","template":"","meta":{"footnotes":""},"yoast_head":"<!-- This site is optimized with the Yoast SEO plugin v22.8 - https:\/\/yoast.com\/wordpress\/plugins\/seo\/ -->\n<title>Conselho Pedag\u00f3gico - Agrupamento de Escolas n.\u00ba 2 de Serpa<\/title>\n<meta name=\"robots\" content=\"index, follow, max-snippet:-1, max-image-preview:large, max-video-preview:-1\" \/>\n<link rel=\"canonical\" href=\"https:\/\/www.ae2serpa.pt\/index.php\/conselho-pedagogico\/\" \/>\n<meta property=\"og:locale\" content=\"pt_PT\" \/>\n<meta property=\"og:type\" content=\"article\" \/>\n<meta property=\"og:title\" content=\"Conselho Pedag\u00f3gico - Agrupamento de Escolas n.\u00ba 2 de Serpa\" \/>\n<meta property=\"og:description\" content=\"CONSELHO PEDAG\u00d3GICO &#8211; Francisco Manuel C. B. de L\u00e1 F\u00e9ria e Oliveira (Presidente\/Diretor)&#8211; Maria Isabel Veloso Luz F\u00e9lix Lanzinha (Coord. Dep. de L\u00ednguas)&#8211; Lu\u00eds Manuel Violante da Silva Oliveira (Coord. Dep. Ci\u00eancias Soc. e Humanas)&#8211; Sandra Cristina Pinto Duarte Oliveira (Coord. Dep. Express\u00f5es)&#8211; Florbela Isabel Pereira Martins (Coord. Dep. Mat. e Ci\u00eancias Experimentais)&#8211; Isabel Maria [&hellip;]\" \/>\n<meta property=\"og:url\" content=\"https:\/\/www.ae2serpa.pt\/index.php\/conselho-pedagogico\/\" \/>\n<meta property=\"og:site_name\" content=\"Agrupamento de Escolas n.\u00ba 2 de Serpa\" \/>\n<meta property=\"article:publisher\" content=\"https:\/\/www.facebook.com\/AE2Serpa\/\" \/>\n<meta property=\"article:modified_time\" content=\"2025-12-25T15:51:25+00:00\" \/>\n<meta name=\"twitter:card\" content=\"summary_large_image\" \/>\n<meta name=\"twitter:site\" content=\"@ae2serpa\" \/>\n<meta name=\"twitter:label1\" content=\"Tempo estimado de leitura\" \/>\n\t<meta name=\"twitter:data1\" content=\"1 minuto\" \/>\n<script type=\"application\/ld+json\" class=\"yoast-schema-graph\">{\"@context\":\"https:\/\/schema.org\",\"@graph\":[{\"@type\":\"WebPage\",\"@id\":\"https:\/\/www.ae2serpa.pt\/index.php\/conselho-pedagogico\/\",\"url\":\"https:\/\/www.ae2serpa.pt\/index.php\/conselho-pedagogico\/\",\"name\":\"Conselho Pedag\u00f3gico - Agrupamento de Escolas n.\u00ba 2 de Serpa\",\"isPartOf\":{\"@id\":\"https:\/\/www.ae2serpa.pt\/#website\"},\"datePublished\":\"2021-07-24T14:12:27+00:00\",\"dateModified\":\"2025-12-25T15:51:25+00:00\",\"breadcrumb\":{\"@id\":\"https:\/\/www.ae2serpa.pt\/index.php\/conselho-pedagogico\/#breadcrumb\"},\"inLanguage\":\"pt-PT\",\"potentialAction\":[{\"@type\":\"ReadAction\",\"target\":[\"https:\/\/www.ae2serpa.pt\/index.php\/conselho-pedagogico\/\"]}]},{\"@type\":\"BreadcrumbList\",\"@id\":\"https:\/\/www.ae2serpa.pt\/index.php\/conselho-pedagogico\/#breadcrumb\",\"itemListElement\":[{\"@type\":\"ListItem\",\"position\":1,\"name\":\"In\u00edcio\",\"item\":\"https:\/\/www.ae2serpa.pt\/\"},{\"@type\":\"ListItem\",\"position\":2,\"name\":\"Conselho Pedag\u00f3gico\"}]},{\"@type\":\"WebSite\",\"@id\":\"https:\/\/www.ae2serpa.pt\/#website\",\"url\":\"https:\/\/www.ae2serpa.pt\/\",\"name\":\"AGRUPAMENTO DE ESCOLAS N.\u00ba 2 DE SERPA\",\"description\":\"Agrupamento de Escolas n.\u00ba 2 de Serpa\",\"publisher\":{\"@id\":\"https:\/\/www.ae2serpa.pt\/#organization\"},\"potentialAction\":[{\"@type\":\"SearchAction\",\"target\":{\"@type\":\"EntryPoint\",\"urlTemplate\":\"https:\/\/www.ae2serpa.pt\/?s={search_term_string}\"},\"query-input\":\"required name=search_term_string\"}],\"inLanguage\":\"pt-PT\"},{\"@type\":\"Organization\",\"@id\":\"https:\/\/www.ae2serpa.pt\/#organization\",\"name\":\"AGRUMANENTO DE ESOLAS N.\u00ba 2 DE SERPA\",\"url\":\"https:\/\/www.ae2serpa.pt\/\",\"logo\":{\"@type\":\"ImageObject\",\"inLanguage\":\"pt-PT\",\"@id\":\"https:\/\/www.ae2serpa.pt\/#\/schema\/logo\/image\/\",\"url\":\"https:\/\/www.ae2serpa.pt\/wp-content\/uploads\/2021\/07\/AE2Serpa_LogoNovo-e1627067148639.png\",\"contentUrl\":\"https:\/\/www.ae2serpa.pt\/wp-content\/uploads\/2021\/07\/AE2Serpa_LogoNovo-e1627067148639.png\",\"width\":250,\"height\":149,\"caption\":\"AGRUMANENTO DE ESOLAS N.\u00ba 2 DE SERPA\"},\"image\":{\"@id\":\"https:\/\/www.ae2serpa.pt\/#\/schema\/logo\/image\/\"},\"sameAs\":[\"https:\/\/www.facebook.com\/AE2Serpa\/\",\"https:\/\/x.com\/ae2serpa\",\"https:\/\/www.instagram.com\/agresc2serpa\/\"]}]}<\/script>\n<!-- \/ Yoast SEO plugin. -->","yoast_head_json":{"title":"Conselho Pedag\u00f3gico - Agrupamento de Escolas n.\u00ba 2 de Serpa","robots":{"index":"index","follow":"follow","max-snippet":"max-snippet:-1","max-image-preview":"max-image-preview:large","max-video-preview":"max-video-preview:-1"},"canonical":"https:\/\/www.ae2serpa.pt\/index.php\/conselho-pedagogico\/","og_locale":"pt_PT","og_type":"article","og_title":"Conselho Pedag\u00f3gico - Agrupamento de Escolas n.\u00ba 2 de Serpa","og_description":"CONSELHO PEDAG\u00d3GICO &#8211; Francisco Manuel C. B. de L\u00e1 F\u00e9ria e Oliveira (Presidente\/Diretor)&#8211; Maria Isabel Veloso Luz F\u00e9lix Lanzinha (Coord. Dep. de L\u00ednguas)&#8211; Lu\u00eds Manuel Violante da Silva Oliveira (Coord. Dep. Ci\u00eancias Soc. e Humanas)&#8211; Sandra Cristina Pinto Duarte Oliveira (Coord. Dep. Express\u00f5es)&#8211; Florbela Isabel Pereira Martins (Coord. Dep. Mat. e Ci\u00eancias Experimentais)&#8211; Isabel Maria [&hellip;]","og_url":"https:\/\/www.ae2serpa.pt\/index.php\/conselho-pedagogico\/","og_site_name":"Agrupamento de Escolas n.\u00ba 2 de Serpa","article_publisher":"https:\/\/www.facebook.com\/AE2Serpa\/","article_modified_time":"2025-12-25T15:51:25+00:00","twitter_card":"summary_large_image","twitter_site":"@ae2serpa","twitter_misc":{"Tempo estimado de leitura":"1 minuto"},"schema":{"@context":"https:\/\/schema.org","@graph":[{"@type":"WebPage","@id":"https:\/\/www.ae2serpa.pt\/index.php\/conselho-pedagogico\/","url":"https:\/\/www.ae2serpa.pt\/index.php\/conselho-pedagogico\/","name":"Conselho Pedag\u00f3gico - Agrupamento de Escolas n.\u00ba 2 de Serpa","isPartOf":{"@id":"https:\/\/www.ae2serpa.pt\/#website"},"datePublished":"2021-07-24T14:12:27+00:00","dateModified":"2025-12-25T15:51:25+00:00","breadcrumb":{"@id":"https:\/\/www.ae2serpa.pt\/index.php\/conselho-pedagogico\/#breadcrumb"},"inLanguage":"pt-PT","potentialAction":[{"@type":"ReadAction","target":["https:\/\/www.ae2serpa.pt\/index.php\/conselho-pedagogico\/"]}]},{"@type":"BreadcrumbList","@id":"https:\/\/www.ae2serpa.pt\/index.php\/conselho-pedagogico\/#breadcrumb","itemListElement":[{"@type":"ListItem","position":1,"name":"In\u00edcio","item":"https:\/\/www.ae2serpa.pt\/"},{"@type":"ListItem","position":2,"name":"Conselho Pedag\u00f3gico"}]},{"@type":"WebSite","@id":"https:\/\/www.ae2serpa.pt\/#website","url":"https:\/\/www.ae2serpa.pt\/","name":"AGRUPAMENTO DE ESCOLAS N.\u00ba 2 DE SERPA","description":"Agrupamento de Escolas n.\u00ba 2 de Serpa","publisher":{"@id":"https:\/\/www.ae2serpa.pt\/#organization"},"potentialAction":[{"@type":"SearchAction","target":{"@type":"EntryPoint","urlTemplate":"https:\/\/www.ae2serpa.pt\/?s={search_term_string}"},"query-input":"required name=search_term_string"}],"inLanguage":"pt-PT"},{"@type":"Organization","@id":"https:\/\/www.ae2serpa.pt\/#organization","name":"AGRUMANENTO DE ESOLAS N.\u00ba 2 DE SERPA","url":"https:\/\/www.ae2serpa.pt\/","logo":{"@type":"ImageObject","inLanguage":"pt-PT","@id":"https:\/\/www.ae2serpa.pt\/#\/schema\/logo\/image\/","url":"https:\/\/www.ae2serpa.pt\/wp-content\/uploads\/2021\/07\/AE2Serpa_LogoNovo-e1627067148639.png","contentUrl":"https:\/\/www.ae2serpa.pt\/wp-content\/uploads\/2021\/07\/AE2Serpa_LogoNovo-e1627067148639.png","width":250,"height":149,"caption":"AGRUMANENTO DE ESOLAS N.\u00ba 2 DE SERPA"},"image":{"@id":"https:\/\/www.ae2serpa.pt\/#\/schema\/logo\/image\/"},"sameAs":["https:\/\/www.facebook.com\/AE2Serpa\/","https:\/\/x.com\/ae2serpa","https:\/\/www.instagram.com\/agresc2serpa\/"]}]}},"_links":{"self":[{"href":"https:\/\/www.ae2serpa.pt\/index.php\/wp-json\/wp\/v2\/pages\/603"}],"collection":[{"href":"https:\/\/www.ae2serpa.pt\/index.php\/wp-json\/wp\/v2\/pages"}],"about":[{"href":"https:\/\/www.ae2serpa.pt\/index.php\/wp-json\/wp\/v2\/types\/page"}],"author":[{"embeddable":true,"href":"https:\/\/www.ae2serpa.pt\/index.php\/wp-json\/wp\/v2\/users\/4"}],"replies":[{"embeddable":true,"href":"https:\/\/www.ae2serpa.pt\/index.php\/wp-json\/wp\/v2\/comments?post=603"}],"version-history":[{"count":46,"href":"https:\/\/www.ae2serpa.pt\/index.php\/wp-json\/wp\/v2\/pages\/603\/revisions"}],"predecessor-version":[{"id":10082,"href":"https:\/\/www.ae2serpa.pt\/index.php\/wp-json\/wp\/v2\/pages\/603\/revisions\/10082"}],"wp:attachment":[{"href":"https:\/\/www.ae2serpa.pt\/index.php\/wp-json\/wp\/v2\/media?parent=603"}],"curies":[{"name":"wp","href":"https:\/\/api.w.org\/{rel}","templated":true}]}}