{"version":"1.0","provider_name":"Agrupamento de Escolas n.\u00ba 2 de Serpa","provider_url":"https:\/\/www.ae2serpa.pt","author_name":"Agrupamento de Escolas n.\u00ba 2 de Serpa","author_url":"https:\/\/www.ae2serpa.pt\/index.php\/author\/francisco-oliveira\/","title":"Inscri\u00e7\u00f5es 2.\u00aa fase - Esclarecimento JNE - Agrupamento de Escolas n.\u00ba 2 de Serpa","type":"rich","width":600,"height":338,"html":"<blockquote class=\"wp-embedded-content\" data-secret=\"hbYRV8X14Q\"><a href=\"https:\/\/www.ae2serpa.pt\/index.php\/2021\/08\/11\/inscricoes-2-a-fase-esclarecimento-jne\/\">Inscri\u00e7\u00f5es 2.\u00aa fase &#8211; Esclarecimento JNE<\/a><\/blockquote><iframe sandbox=\"allow-scripts\" security=\"restricted\" src=\"https:\/\/www.ae2serpa.pt\/index.php\/2021\/08\/11\/inscricoes-2-a-fase-esclarecimento-jne\/embed\/#?secret=hbYRV8X14Q\" width=\"600\" height=\"338\" title=\"&#8220;Inscri\u00e7\u00f5es 2.\u00aa fase &#8211; Esclarecimento JNE&#8221; &#8212; Agrupamento de Escolas n.\u00ba 2 de Serpa\" data-secret=\"hbYRV8X14Q\" frameborder=\"0\" marginwidth=\"0\" marginheight=\"0\" scrolling=\"no\" class=\"wp-embedded-content\"><\/iframe><script type=\"text\/javascript\">\n\/* <![CDATA[ *\/\n\/*! This file is auto-generated *\/\n!function(d,l){\"use strict\";l.querySelector&&d.addEventListener&&\"undefined\"!=typeof URL&&(d.wp=d.wp||{},d.wp.receiveEmbedMessage||(d.wp.receiveEmbedMessage=function(e){var t=e.data;if((t||t.secret||t.message||t.value)&&!\/[^a-zA-Z0-9]\/.test(t.secret)){for(var s,r,n,a=l.querySelectorAll('iframe[data-secret=\"'+t.secret+'\"]'),o=l.querySelectorAll('blockquote[data-secret=\"'+t.secret+'\"]'),c=new RegExp(\"^https?:$\",\"i\"),i=0;i<o.length;i++)o[i].style.display=\"none\";for(i=0;i<a.length;i++)s=a[i],e.source===s.contentWindow&&(s.removeAttribute(\"style\"),\"height\"===t.message?(1e3<(r=parseInt(t.value,10))?r=1e3:~~r<200&&(r=200),s.height=r):\"link\"===t.message&&(r=new URL(s.getAttribute(\"src\")),n=new URL(t.value),c.test(n.protocol))&&n.host===r.host&&l.activeElement===s&&(d.top.location.href=t.value))}},d.addEventListener(\"message\",d.wp.receiveEmbedMessage,!1),l.addEventListener(\"DOMContentLoaded\",function(){for(var e,t,s=l.querySelectorAll(\"iframe.wp-embedded-content\"),r=0;r<s.length;r++)(t=(e=s[r]).getAttribute(\"data-secret\"))||(t=Math.random().toString(36).substring(2,12),e.src+=\"#?secret=\"+t,e.setAttribute(\"data-secret\",t)),e.contentWindow.postMessage({message:\"ready\",secret:t},\"*\")},!1)))}(window,document);\n\/* ]]> *\/\n<\/script>\n","description":"Foi divulgado \u00e1s escolas um esclarecimento do J\u00fari Nacionais de Exames (JNE), relativo \u00e0s inscri\u00e7\u00f5es na 2.\u00aa fase do Exames Nacionais.Este esclarecimento respeita \u00e0 utiliza\u00e7\u00e3o que pode ser dada, pelos alunos, \u00e0s provas a realizar na 2.\u00aa fase (setembro), e em que condi\u00e7\u00f5es podem ser eleg\u00edveis para inscri\u00e7\u00e3o e realiza\u00e7\u00e3o das provas.Um resumo do esclarecimento [&hellip;]","thumbnail_url":"https:\/\/www.ae2serpa.pt\/wp-content\/uploads\/elementor\/thumbs\/JNE_Logo-pbgtemzsvmji5xsnzmr92sx94q3ib5r87e3dj014k8.jpg"}